{"id":30,"date":"2022-11-17T11:20:07","date_gmt":"2022-11-17T11:20:07","guid":{"rendered":"https:\/\/speculum.labcom.ubi.pt\/?page_id=30"},"modified":"2023-01-04T15:44:41","modified_gmt":"2023-01-04T15:44:41","slug":"cortina-inicial","status":"publish","type":"page","link":"https:\/\/speculum.labcom.ubi.pt\/en\/","title":{"rendered":"Cortina Inicial"},"content":{"rendered":"<div class=\"mceTemp\"><\/div>\n<figure id=\"attachment_197\" aria-describedby=\"caption-attachment-197\" style=\"width: 300px\" class=\"wp-caption alignnone\"><img decoding=\"async\" class=\"wp-image-197 size-medium\" src=\"https:\/\/speculum.labcom.ubi.pt\/wp-content\/uploads\/2022\/11\/zonadesconhecida2-300x160.jpg\" alt=\"Zona Desconhecida - Ariana Chediak\" width=\"300\" height=\"160\" srcset=\"https:\/\/speculum.labcom.ubi.pt\/wp-content\/uploads\/2022\/11\/zonadesconhecida2-300x160.jpg 300w, https:\/\/speculum.labcom.ubi.pt\/wp-content\/uploads\/2022\/11\/zonadesconhecida2.jpg 720w\" sizes=\"(max-width: 300px) 100vw, 300px\" \/><figcaption id=\"caption-attachment-197\" class=\"wp-caption-text\">Zona Desconhecida &#8211; Ariana Chediak<\/figcaption><\/figure>\n<figure id=\"attachment_196\" aria-describedby=\"caption-attachment-196\" style=\"width: 300px\" class=\"wp-caption alignnone\"><img decoding=\"async\" class=\"wp-image-196 size-medium\" src=\"https:\/\/speculum.labcom.ubi.pt\/wp-content\/uploads\/2022\/11\/zonadesconhecida-300x161.jpg\" alt=\"Zona Desconhecida - Ariana Chediak\" width=\"300\" height=\"161\" srcset=\"https:\/\/speculum.labcom.ubi.pt\/wp-content\/uploads\/2022\/11\/zonadesconhecida-300x161.jpg 300w, https:\/\/speculum.labcom.ubi.pt\/wp-content\/uploads\/2022\/11\/zonadesconhecida.jpg 720w\" sizes=\"(max-width: 300px) 100vw, 300px\" \/><figcaption id=\"caption-attachment-196\" class=\"wp-caption-text\">Zona Desconhecida &#8211; Ariana Chediak<\/figcaption><\/figure>\n<figure id=\"attachment_195\" aria-describedby=\"caption-attachment-195\" style=\"width: 300px\" class=\"wp-caption alignnone\"><img fetchpriority=\"high\" decoding=\"async\" class=\"size-medium wp-image-195\" src=\"https:\/\/speculum.labcom.ubi.pt\/wp-content\/uploads\/2022\/11\/umcasamento2-300x210.jpg\" alt=\"Um Casamento \u2013 M\u00f4nica Sim\u00f5es\" width=\"300\" height=\"210\" srcset=\"https:\/\/speculum.labcom.ubi.pt\/wp-content\/uploads\/2022\/11\/umcasamento2-300x210.jpg 300w, https:\/\/speculum.labcom.ubi.pt\/wp-content\/uploads\/2022\/11\/umcasamento2.jpg 700w\" sizes=\"(max-width: 300px) 100vw, 300px\" \/><figcaption id=\"caption-attachment-195\" class=\"wp-caption-text\">Um Casamento \u2013 M\u00f4nica Sim\u00f5es<\/figcaption><\/figure>\n<figure id=\"attachment_194\" aria-describedby=\"caption-attachment-194\" style=\"width: 300px\" class=\"wp-caption alignnone\"><img loading=\"lazy\" decoding=\"async\" class=\"size-medium wp-image-194\" src=\"https:\/\/speculum.labcom.ubi.pt\/wp-content\/uploads\/2022\/11\/umcasamento-300x169.jpg\" alt=\"Um Casamento \u2013 M\u00f4nica Sim\u00f5es\" width=\"300\" height=\"169\" srcset=\"https:\/\/speculum.labcom.ubi.pt\/wp-content\/uploads\/2022\/11\/umcasamento-300x169.jpg 300w, https:\/\/speculum.labcom.ubi.pt\/wp-content\/uploads\/2022\/11\/umcasamento-1024x576.jpg 1024w, https:\/\/speculum.labcom.ubi.pt\/wp-content\/uploads\/2022\/11\/umcasamento-768x432.jpg 768w, https:\/\/speculum.labcom.ubi.pt\/wp-content\/uploads\/2022\/11\/umcasamento.jpg 1280w\" sizes=\"(max-width: 300px) 100vw, 300px\" \/><figcaption id=\"caption-attachment-194\" class=\"wp-caption-text\">Um Casamento \u2013 M\u00f4nica Sim\u00f5es<\/figcaption><\/figure>\n<figure id=\"attachment_193\" aria-describedby=\"caption-attachment-193\" style=\"width: 300px\" class=\"wp-caption alignnone\"><img loading=\"lazy\" decoding=\"async\" class=\"size-medium wp-image-193\" src=\"https:\/\/speculum.labcom.ubi.pt\/wp-content\/uploads\/2022\/11\/umalongaviagem2-300x169.jpg\" alt=\"Uma Longa Viagem \u2013 Lucia Murat\" width=\"300\" height=\"169\" srcset=\"https:\/\/speculum.labcom.ubi.pt\/wp-content\/uploads\/2022\/11\/umalongaviagem2-300x169.jpg 300w, https:\/\/speculum.labcom.ubi.pt\/wp-content\/uploads\/2022\/11\/umalongaviagem2-1024x576.jpg 1024w, https:\/\/speculum.labcom.ubi.pt\/wp-content\/uploads\/2022\/11\/umalongaviagem2-768x432.jpg 768w, https:\/\/speculum.labcom.ubi.pt\/wp-content\/uploads\/2022\/11\/umalongaviagem2-1536x864.jpg 1536w, https:\/\/speculum.labcom.ubi.pt\/wp-content\/uploads\/2022\/11\/umalongaviagem2.jpg 1920w\" sizes=\"(max-width: 300px) 100vw, 300px\" \/><figcaption id=\"caption-attachment-193\" class=\"wp-caption-text\">Uma Longa Viagem \u2013 Lucia Murat<\/figcaption><\/figure>\n<figure id=\"attachment_192\" aria-describedby=\"caption-attachment-192\" style=\"width: 300px\" class=\"wp-caption alignnone\"><img loading=\"lazy\" decoding=\"async\" class=\"size-medium wp-image-192\" src=\"https:\/\/speculum.labcom.ubi.pt\/wp-content\/uploads\/2022\/11\/umalongaviagem-300x169.jpg\" alt=\"Uma Longa Viagem \u2013 Lucia Murat\" width=\"300\" height=\"169\" srcset=\"https:\/\/speculum.labcom.ubi.pt\/wp-content\/uploads\/2022\/11\/umalongaviagem-300x169.jpg 300w, https:\/\/speculum.labcom.ubi.pt\/wp-content\/uploads\/2022\/11\/umalongaviagem-1024x576.jpg 1024w, https:\/\/speculum.labcom.ubi.pt\/wp-content\/uploads\/2022\/11\/umalongaviagem-768x432.jpg 768w, https:\/\/speculum.labcom.ubi.pt\/wp-content\/uploads\/2022\/11\/umalongaviagem-1536x864.jpg 1536w, https:\/\/speculum.labcom.ubi.pt\/wp-content\/uploads\/2022\/11\/umalongaviagem.jpg 1920w\" sizes=\"(max-width: 300px) 100vw, 300px\" \/><figcaption id=\"caption-attachment-192\" class=\"wp-caption-text\">Uma Longa Viagem \u2013 Lucia Murat<\/figcaption><\/figure>\n<figure id=\"attachment_191\" aria-describedby=\"caption-attachment-191\" style=\"width: 300px\" class=\"wp-caption alignnone\"><img loading=\"lazy\" decoding=\"async\" class=\"size-medium wp-image-191\" src=\"https:\/\/speculum.labcom.ubi.pt\/wp-content\/uploads\/2022\/11\/terrafranca2-300x169.png\" alt=\"Terra Franca \u2013 Leonor Teles\" width=\"300\" height=\"169\" srcset=\"https:\/\/speculum.labcom.ubi.pt\/wp-content\/uploads\/2022\/11\/terrafranca2-300x169.png 300w, https:\/\/speculum.labcom.ubi.pt\/wp-content\/uploads\/2022\/11\/terrafranca2-1024x576.png 1024w, https:\/\/speculum.labcom.ubi.pt\/wp-content\/uploads\/2022\/11\/terrafranca2-768x432.png 768w, https:\/\/speculum.labcom.ubi.pt\/wp-content\/uploads\/2022\/11\/terrafranca2.png 1360w\" sizes=\"(max-width: 300px) 100vw, 300px\" \/><figcaption id=\"caption-attachment-191\" class=\"wp-caption-text\">Terra Franca \u2013 Leonor Teles<\/figcaption><\/figure>\n<figure id=\"attachment_190\" aria-describedby=\"caption-attachment-190\" style=\"width: 300px\" class=\"wp-caption alignnone\"><img loading=\"lazy\" decoding=\"async\" class=\"size-medium wp-image-190\" src=\"https:\/\/speculum.labcom.ubi.pt\/wp-content\/uploads\/2022\/11\/terrafranca-300x169.png\" alt=\"Terra Franca \u2013 Leonor Teles\" width=\"300\" height=\"169\" srcset=\"https:\/\/speculum.labcom.ubi.pt\/wp-content\/uploads\/2022\/11\/terrafranca-300x169.png 300w, https:\/\/speculum.labcom.ubi.pt\/wp-content\/uploads\/2022\/11\/terrafranca-1024x576.png 1024w, https:\/\/speculum.labcom.ubi.pt\/wp-content\/uploads\/2022\/11\/terrafranca-768x432.png 768w, https:\/\/speculum.labcom.ubi.pt\/wp-content\/uploads\/2022\/11\/terrafranca.png 1360w\" sizes=\"(max-width: 300px) 100vw, 300px\" \/><figcaption id=\"caption-attachment-190\" class=\"wp-caption-text\">Terra Franca \u2013 Leonor Teles<\/figcaption><\/figure>\n<figure id=\"attachment_189\" aria-describedby=\"caption-attachment-189\" style=\"width: 300px\" class=\"wp-caption alignnone\"><img loading=\"lazy\" decoding=\"async\" class=\"size-medium wp-image-189\" src=\"https:\/\/speculum.labcom.ubi.pt\/wp-content\/uploads\/2022\/11\/tekohaxy2-300x168.jpg\" alt=\"Teko Haxy: Ser Imperfeita \u2013 Patr\u00edcia Ferreira e Sofia Pinheiro\" width=\"300\" height=\"168\" srcset=\"https:\/\/speculum.labcom.ubi.pt\/wp-content\/uploads\/2022\/11\/tekohaxy2-300x168.jpg 300w, https:\/\/speculum.labcom.ubi.pt\/wp-content\/uploads\/2022\/11\/tekohaxy2-768x431.jpg 768w, https:\/\/speculum.labcom.ubi.pt\/wp-content\/uploads\/2022\/11\/tekohaxy2.jpg 1024w\" sizes=\"(max-width: 300px) 100vw, 300px\" \/><figcaption id=\"caption-attachment-189\" class=\"wp-caption-text\">Teko Haxy: Ser Imperfeita \u2013 Patr\u00edcia Ferreira e Sofia Pinheiro<\/figcaption><\/figure>\n<figure id=\"attachment_188\" aria-describedby=\"caption-attachment-188\" style=\"width: 300px\" class=\"wp-caption alignnone\"><img loading=\"lazy\" decoding=\"async\" class=\"size-medium wp-image-188\" src=\"https:\/\/speculum.labcom.ubi.pt\/wp-content\/uploads\/2022\/11\/tekohaxy-300x189.jpg\" alt=\"Teko Haxy: Ser Imperfeita \u2013 Patr\u00edcia Ferreira e Sofia Pinheiro\" width=\"300\" height=\"189\" srcset=\"https:\/\/speculum.labcom.ubi.pt\/wp-content\/uploads\/2022\/11\/tekohaxy-300x189.jpg 300w, https:\/\/speculum.labcom.ubi.pt\/wp-content\/uploads\/2022\/11\/tekohaxy-1024x644.jpg 1024w, https:\/\/speculum.labcom.ubi.pt\/wp-content\/uploads\/2022\/11\/tekohaxy-768x483.jpg 768w, https:\/\/speculum.labcom.ubi.pt\/wp-content\/uploads\/2022\/11\/tekohaxy.jpg 1280w\" sizes=\"(max-width: 300px) 100vw, 300px\" \/><figcaption id=\"caption-attachment-188\" class=\"wp-caption-text\">Teko Haxy: Ser Imperfeita \u2013 Patr\u00edcia Ferreira e Sofia Pinheiro<\/figcaption><\/figure>\n<figure id=\"attachment_187\" aria-describedby=\"caption-attachment-187\" style=\"width: 300px\" class=\"wp-caption alignnone\"><img loading=\"lazy\" decoding=\"async\" class=\"wp-image-187 size-medium\" src=\"https:\/\/speculum.labcom.ubi.pt\/wp-content\/uploads\/2022\/11\/sobral2-300x172.jpg\" alt=\"Sobral: O Homem que n\u00e3o tinha Pre\u00e7o \u2013 Paula Fiuza\" width=\"300\" height=\"172\" srcset=\"https:\/\/speculum.labcom.ubi.pt\/wp-content\/uploads\/2022\/11\/sobral2-300x172.jpg 300w, https:\/\/speculum.labcom.ubi.pt\/wp-content\/uploads\/2022\/11\/sobral2.jpg 500w\" sizes=\"(max-width: 300px) 100vw, 300px\" \/><figcaption id=\"caption-attachment-187\" class=\"wp-caption-text\">Sobral: O Homem que n\u00e3o tinha Pre\u00e7o \u2013 Paula Fiuza<\/figcaption><\/figure>\n<figure id=\"attachment_186\" aria-describedby=\"caption-attachment-186\" style=\"width: 300px\" class=\"wp-caption alignnone\"><img loading=\"lazy\" decoding=\"async\" class=\"wp-image-186 size-medium\" src=\"https:\/\/speculum.labcom.ubi.pt\/wp-content\/uploads\/2022\/11\/sobral-300x216.jpg\" alt=\"Sobral: O Homem que n\u00e3o tinha Pre\u00e7o \u2013 Paula Fiuza\" width=\"300\" height=\"216\" srcset=\"https:\/\/speculum.labcom.ubi.pt\/wp-content\/uploads\/2022\/11\/sobral-300x216.jpg 300w, https:\/\/speculum.labcom.ubi.pt\/wp-content\/uploads\/2022\/11\/sobral.jpg 500w\" sizes=\"(max-width: 300px) 100vw, 300px\" \/><figcaption id=\"caption-attachment-186\" class=\"wp-caption-text\">Sobral: O Homem que n\u00e3o tinha Pre\u00e7o \u2013 Paula Fiuza<\/figcaption><\/figure>\n<figure id=\"attachment_185\" aria-describedby=\"caption-attachment-185\" style=\"width: 260px\" class=\"wp-caption alignnone\"><img loading=\"lazy\" decoding=\"async\" class=\"size-medium wp-image-185\" src=\"https:\/\/speculum.labcom.ubi.pt\/wp-content\/uploads\/2022\/11\/separac\u0327o\u0303es2.jpg\" alt=\"Separa\u00e7\u00f5es - Andrea Seligman Silva\" width=\"260\" height=\"188\" \/><figcaption id=\"caption-attachment-185\" class=\"wp-caption-text\">Separa\u00e7\u00f5es &#8211; Andrea Seligman Silva<\/figcaption><\/figure>\n<figure id=\"attachment_181\" aria-describedby=\"caption-attachment-181\" style=\"width: 300px\" class=\"wp-caption alignnone\"><img loading=\"lazy\" decoding=\"async\" class=\"size-medium wp-image-181\" src=\"https:\/\/speculum.labcom.ubi.pt\/wp-content\/uploads\/2022\/11\/rebu2-300x199.jpeg\" alt=\"Rebu, egolombra de uma sapat\u00e3o quase arrependida \u2013 Mayara Santana\" width=\"300\" height=\"199\" srcset=\"https:\/\/speculum.labcom.ubi.pt\/wp-content\/uploads\/2022\/11\/rebu2-300x199.jpeg 300w, https:\/\/speculum.labcom.ubi.pt\/wp-content\/uploads\/2022\/11\/rebu2.jpeg 615w\" sizes=\"(max-width: 300px) 100vw, 300px\" \/><figcaption id=\"caption-attachment-181\" class=\"wp-caption-text\">Rebu, egolombra de uma sapat\u00e3o quase arrependida \u2013 Mayara Santana<\/figcaption><\/figure>\n<figure id=\"attachment_184\" aria-describedby=\"caption-attachment-184\" style=\"width: 270px\" class=\"wp-caption alignnone\"><img loading=\"lazy\" decoding=\"async\" class=\"size-medium wp-image-184\" src=\"https:\/\/speculum.labcom.ubi.pt\/wp-content\/uploads\/2022\/11\/Separac\u0327o\u0303es.jpg\" alt=\"Separa\u00e7\u00f5es - Andrea Seligman Silva\" width=\"270\" height=\"190\" \/><figcaption id=\"caption-attachment-184\" class=\"wp-caption-text\">Separa\u00e7\u00f5es &#8211; Andrea Seligman Silva<\/figcaption><\/figure>\n<figure id=\"attachment_183\" aria-describedby=\"caption-attachment-183\" style=\"width: 300px\" class=\"wp-caption alignnone\"><img loading=\"lazy\" decoding=\"async\" class=\"size-medium wp-image-183\" src=\"https:\/\/speculum.labcom.ubi.pt\/wp-content\/uploads\/2022\/11\/retratodedora2-300x168.jpg\" alt=\"Retrato de Dora \u2013 Bruna Callegari\" width=\"300\" height=\"168\" srcset=\"https:\/\/speculum.labcom.ubi.pt\/wp-content\/uploads\/2022\/11\/retratodedora2-300x168.jpg 300w, https:\/\/speculum.labcom.ubi.pt\/wp-content\/uploads\/2022\/11\/retratodedora2-1024x572.jpg 1024w, https:\/\/speculum.labcom.ubi.pt\/wp-content\/uploads\/2022\/11\/retratodedora2-768x429.jpg 768w, https:\/\/speculum.labcom.ubi.pt\/wp-content\/uploads\/2022\/11\/retratodedora2-1536x858.jpg 1536w, https:\/\/speculum.labcom.ubi.pt\/wp-content\/uploads\/2022\/11\/retratodedora2.jpg 1998w\" sizes=\"(max-width: 300px) 100vw, 300px\" \/><figcaption id=\"caption-attachment-183\" class=\"wp-caption-text\">Retrato de Dora \u2013 Bruna Callegari<\/figcaption><\/figure>\n<figure id=\"attachment_180\" aria-describedby=\"caption-attachment-180\" style=\"width: 300px\" class=\"wp-caption alignnone\"><img loading=\"lazy\" decoding=\"async\" class=\"size-medium wp-image-180\" src=\"https:\/\/speculum.labcom.ubi.pt\/wp-content\/uploads\/2022\/11\/rebu-300x170.jpeg\" alt=\"Rebu, egolombra de uma sapat\u00e3o quase arrependida \u2013 Mayara Santana\" width=\"300\" height=\"170\" srcset=\"https:\/\/speculum.labcom.ubi.pt\/wp-content\/uploads\/2022\/11\/rebu-300x170.jpeg 300w, https:\/\/speculum.labcom.ubi.pt\/wp-content\/uploads\/2022\/11\/rebu.jpeg 615w\" sizes=\"(max-width: 300px) 100vw, 300px\" \/><figcaption id=\"caption-attachment-180\" class=\"wp-caption-text\">Rebu, egolombra de uma sapat\u00e3o quase arrependida \u2013 Mayara Santana<\/figcaption><\/figure>\n<figure id=\"attachment_179\" aria-describedby=\"caption-attachment-179\" style=\"width: 300px\" class=\"wp-caption alignnone\"><img loading=\"lazy\" decoding=\"async\" class=\"size-medium wp-image-179\" src=\"https:\/\/speculum.labcom.ubi.pt\/wp-content\/uploads\/2022\/11\/queridamae2-300x186.jpg\" alt=\"Querida M\u00e3e \u2013 Patr\u00edcia Cornils\" width=\"300\" height=\"186\" srcset=\"https:\/\/speculum.labcom.ubi.pt\/wp-content\/uploads\/2022\/11\/queridamae2-300x186.jpg 300w, https:\/\/speculum.labcom.ubi.pt\/wp-content\/uploads\/2022\/11\/queridamae2.jpg 473w\" sizes=\"(max-width: 300px) 100vw, 300px\" \/><figcaption id=\"caption-attachment-179\" class=\"wp-caption-text\">Querida M\u00e3e \u2013 Patr\u00edcia Cornils<\/figcaption><\/figure>\n<figure id=\"attachment_178\" aria-describedby=\"caption-attachment-178\" style=\"width: 300px\" class=\"wp-caption alignnone\"><img loading=\"lazy\" decoding=\"async\" class=\"size-medium wp-image-178\" src=\"https:\/\/speculum.labcom.ubi.pt\/wp-content\/uploads\/2022\/11\/queridamae-300x166.jpg\" alt=\"Querida M\u00e3e \u2013 Patr\u00edcia Cornils\" width=\"300\" height=\"166\" srcset=\"https:\/\/speculum.labcom.ubi.pt\/wp-content\/uploads\/2022\/11\/queridamae-300x166.jpg 300w, https:\/\/speculum.labcom.ubi.pt\/wp-content\/uploads\/2022\/11\/queridamae-768x425.jpg 768w, https:\/\/speculum.labcom.ubi.pt\/wp-content\/uploads\/2022\/11\/queridamae.jpg 838w\" sizes=\"(max-width: 300px) 100vw, 300px\" \/><figcaption id=\"caption-attachment-178\" class=\"wp-caption-text\">Querida M\u00e3e \u2013 Patr\u00edcia Cornils<\/figcaption><\/figure>\n<figure id=\"attachment_177\" aria-describedby=\"caption-attachment-177\" style=\"width: 300px\" class=\"wp-caption alignnone\"><img loading=\"lazy\" decoding=\"async\" class=\"size-medium wp-image-177\" src=\"https:\/\/speculum.labcom.ubi.pt\/wp-content\/uploads\/2022\/11\/pulsacoes2-300x226.jpg\" alt=\"Pulsa\u00e7\u00f5es \u2013 Manoela Ziggiatti\" width=\"300\" height=\"226\" srcset=\"https:\/\/speculum.labcom.ubi.pt\/wp-content\/uploads\/2022\/11\/pulsacoes2-300x226.jpg 300w, https:\/\/speculum.labcom.ubi.pt\/wp-content\/uploads\/2022\/11\/pulsacoes2-768x578.jpg 768w, https:\/\/speculum.labcom.ubi.pt\/wp-content\/uploads\/2022\/11\/pulsacoes2.jpg 960w\" sizes=\"(max-width: 300px) 100vw, 300px\" \/><figcaption id=\"caption-attachment-177\" class=\"wp-caption-text\">Pulsa\u00e7\u00f5es \u2013 Manoela Ziggiatti<\/figcaption><\/figure>\n<figure id=\"attachment_176\" aria-describedby=\"caption-attachment-176\" style=\"width: 300px\" class=\"wp-caption alignnone\"><img loading=\"lazy\" decoding=\"async\" class=\"size-medium wp-image-176\" src=\"https:\/\/speculum.labcom.ubi.pt\/wp-content\/uploads\/2022\/11\/pulsac\u0327oes-300x226.jpg\" alt=\"Pulsa\u00e7\u00f5es \u2013 Manoela Ziggiatti\" width=\"300\" height=\"226\" srcset=\"https:\/\/speculum.labcom.ubi.pt\/wp-content\/uploads\/2022\/11\/pulsac\u0327oes-300x226.jpg 300w, https:\/\/speculum.labcom.ubi.pt\/wp-content\/uploads\/2022\/11\/pulsac\u0327oes-768x578.jpg 768w, https:\/\/speculum.labcom.ubi.pt\/wp-content\/uploads\/2022\/11\/pulsac\u0327oes.jpg 960w\" sizes=\"(max-width: 300px) 100vw, 300px\" \/><figcaption id=\"caption-attachment-176\" class=\"wp-caption-text\">Pulsa\u00e7\u00f5es \u2013 Manoela Ziggiatti<\/figcaption><\/figure>\n<figure id=\"attachment_175\" aria-describedby=\"caption-attachment-175\" style=\"width: 300px\" class=\"wp-caption alignnone\"><img loading=\"lazy\" decoding=\"async\" class=\"size-medium wp-image-175\" src=\"https:\/\/speculum.labcom.ubi.pt\/wp-content\/uploads\/2022\/11\/perpetua664-300x169.jpg\" alt=\"Perp\u00e9tua 664 \u2013 Claudia Neubern\" width=\"300\" height=\"169\" srcset=\"https:\/\/speculum.labcom.ubi.pt\/wp-content\/uploads\/2022\/11\/perpetua664-300x169.jpg 300w, https:\/\/speculum.labcom.ubi.pt\/wp-content\/uploads\/2022\/11\/perpetua664-1024x576.jpg 1024w, https:\/\/speculum.labcom.ubi.pt\/wp-content\/uploads\/2022\/11\/perpetua664-768x432.jpg 768w, https:\/\/speculum.labcom.ubi.pt\/wp-content\/uploads\/2022\/11\/perpetua664.jpg 1280w\" sizes=\"(max-width: 300px) 100vw, 300px\" \/><figcaption id=\"caption-attachment-175\" class=\"wp-caption-text\">Perp\u00e9tua 664 \u2013 Claudia Neubern<\/figcaption><\/figure>\n<figure id=\"attachment_174\" aria-describedby=\"caption-attachment-174\" style=\"width: 300px\" class=\"wp-caption alignnone\"><img loading=\"lazy\" decoding=\"async\" class=\"size-medium wp-image-174\" src=\"https:\/\/speculum.labcom.ubi.pt\/wp-content\/uploads\/2022\/11\/perpetua664.2-300x226.jpg\" alt=\"Perp\u00e9tua 664 \u2013 Claudia Neubern\" width=\"300\" height=\"226\" srcset=\"https:\/\/speculum.labcom.ubi.pt\/wp-content\/uploads\/2022\/11\/perpetua664.2-300x226.jpg 300w, https:\/\/speculum.labcom.ubi.pt\/wp-content\/uploads\/2022\/11\/perpetua664.2-768x578.jpg 768w, https:\/\/speculum.labcom.ubi.pt\/wp-content\/uploads\/2022\/11\/perpetua664.2.jpg 960w\" sizes=\"(max-width: 300px) 100vw, 300px\" \/><figcaption id=\"caption-attachment-174\" class=\"wp-caption-text\">Perp\u00e9tua 664 \u2013 Claudia Neubern<\/figcaption><\/figure>\n<figure id=\"attachment_173\" aria-describedby=\"caption-attachment-173\" style=\"width: 300px\" class=\"wp-caption alignnone\"><img loading=\"lazy\" decoding=\"async\" class=\"size-medium wp-image-173\" src=\"https:\/\/speculum.labcom.ubi.pt\/wp-content\/uploads\/2022\/11\/passaportehungaro2-300x199.jpg\" alt=\"Passaporte H\u00fangaro \u2013 Sandra Kogut\" width=\"300\" height=\"199\" srcset=\"https:\/\/speculum.labcom.ubi.pt\/wp-content\/uploads\/2022\/11\/passaportehungaro2-300x199.jpg 300w, https:\/\/speculum.labcom.ubi.pt\/wp-content\/uploads\/2022\/11\/passaportehungaro2-768x508.jpg 768w, https:\/\/speculum.labcom.ubi.pt\/wp-content\/uploads\/2022\/11\/passaportehungaro2.jpg 810w\" sizes=\"(max-width: 300px) 100vw, 300px\" \/><figcaption id=\"caption-attachment-173\" class=\"wp-caption-text\">Passaporte H\u00fangaro \u2013 Sandra Kogut<\/figcaption><\/figure>\n<figure id=\"attachment_172\" aria-describedby=\"caption-attachment-172\" style=\"width: 300px\" class=\"wp-caption alignnone\"><img loading=\"lazy\" decoding=\"async\" class=\"size-medium wp-image-172\" src=\"https:\/\/speculum.labcom.ubi.pt\/wp-content\/uploads\/2022\/11\/passaportehungaro-300x168.webp\" alt=\"Passaporte H\u00fangaro \u2013 Sandra Kogut\" width=\"300\" height=\"168\" srcset=\"https:\/\/speculum.labcom.ubi.pt\/wp-content\/uploads\/2022\/11\/passaportehungaro-300x168.webp 300w, https:\/\/speculum.labcom.ubi.pt\/wp-content\/uploads\/2022\/11\/passaportehungaro-768x430.webp 768w, https:\/\/speculum.labcom.ubi.pt\/wp-content\/uploads\/2022\/11\/passaportehungaro.webp 1000w\" sizes=\"(max-width: 300px) 100vw, 300px\" \/><figcaption id=\"caption-attachment-172\" class=\"wp-caption-text\">Passaporte H\u00fangaro \u2013 Sandra Kogut<\/figcaption><\/figure>\n<figure id=\"attachment_171\" aria-describedby=\"caption-attachment-171\" style=\"width: 300px\" class=\"wp-caption alignnone\"><img loading=\"lazy\" decoding=\"async\" class=\"size-medium wp-image-171\" src=\"https:\/\/speculum.labcom.ubi.pt\/wp-content\/uploads\/2022\/11\/passagem-300x185.jpg\" alt=\"Passagem \u2013 T\u00e2nia Dinis\" width=\"300\" height=\"185\" srcset=\"https:\/\/speculum.labcom.ubi.pt\/wp-content\/uploads\/2022\/11\/passagem-300x185.jpg 300w, https:\/\/speculum.labcom.ubi.pt\/wp-content\/uploads\/2022\/11\/passagem.jpg 708w\" sizes=\"(max-width: 300px) 100vw, 300px\" \/><figcaption id=\"caption-attachment-171\" class=\"wp-caption-text\">Passagem \u2013 T\u00e2nia Dinis<\/figcaption><\/figure>\n<figure id=\"attachment_170\" aria-describedby=\"caption-attachment-170\" style=\"width: 300px\" class=\"wp-caption alignnone\"><img loading=\"lazy\" decoding=\"async\" class=\"wp-image-170 size-medium\" src=\"https:\/\/speculum.labcom.ubi.pt\/wp-content\/uploads\/2022\/11\/ovoo2-300x200.jpg\" alt=\"O V\u00f4o \u2013 Manoela Ziggiatti\" width=\"300\" height=\"200\" srcset=\"https:\/\/speculum.labcom.ubi.pt\/wp-content\/uploads\/2022\/11\/ovoo2-300x200.jpg 300w, https:\/\/speculum.labcom.ubi.pt\/wp-content\/uploads\/2022\/11\/ovoo2-768x511.jpg 768w, https:\/\/speculum.labcom.ubi.pt\/wp-content\/uploads\/2022\/11\/ovoo2.jpg 1000w\" sizes=\"(max-width: 300px) 100vw, 300px\" \/><figcaption id=\"caption-attachment-170\" class=\"wp-caption-text\">O V\u00f4o \u2013 Manoela Ziggiatti<\/figcaption><\/figure>\n<figure id=\"attachment_169\" aria-describedby=\"caption-attachment-169\" style=\"width: 300px\" class=\"wp-caption alignnone\"><img loading=\"lazy\" decoding=\"async\" class=\"wp-image-169 size-medium\" src=\"https:\/\/speculum.labcom.ubi.pt\/wp-content\/uploads\/2022\/11\/ovoo-300x200.jpg\" alt=\"O V\u00f4o \u2013 Manoela Ziggiatti\" width=\"300\" height=\"200\" srcset=\"https:\/\/speculum.labcom.ubi.pt\/wp-content\/uploads\/2022\/11\/ovoo-300x200.jpg 300w, https:\/\/speculum.labcom.ubi.pt\/wp-content\/uploads\/2022\/11\/ovoo-768x511.jpg 768w, https:\/\/speculum.labcom.ubi.pt\/wp-content\/uploads\/2022\/11\/ovoo.jpg 1000w\" sizes=\"(max-width: 300px) 100vw, 300px\" \/><figcaption id=\"caption-attachment-169\" class=\"wp-caption-text\">O V\u00f4o \u2013 Manoela Ziggiatti<\/figcaption><\/figure>\n<figure id=\"attachment_168\" aria-describedby=\"caption-attachment-168\" style=\"width: 300px\" class=\"wp-caption alignnone\"><img loading=\"lazy\" decoding=\"async\" class=\"size-medium wp-image-168\" src=\"https:\/\/speculum.labcom.ubi.pt\/wp-content\/uploads\/2022\/11\/osdiascomele2-300x169.jpg\" alt=\"Os Dias com Ele \u2013 Maria Clara Escobar\" width=\"300\" height=\"169\" srcset=\"https:\/\/speculum.labcom.ubi.pt\/wp-content\/uploads\/2022\/11\/osdiascomele2-300x169.jpg 300w, https:\/\/speculum.labcom.ubi.pt\/wp-content\/uploads\/2022\/11\/osdiascomele2.jpg 640w\" sizes=\"(max-width: 300px) 100vw, 300px\" \/><figcaption id=\"caption-attachment-168\" class=\"wp-caption-text\">Os Dias com Ele \u2013 Maria Clara Escobar<\/figcaption><\/figure>\n<figure id=\"attachment_167\" aria-describedby=\"caption-attachment-167\" style=\"width: 300px\" class=\"wp-caption alignnone\"><img loading=\"lazy\" decoding=\"async\" class=\"size-medium wp-image-167\" src=\"https:\/\/speculum.labcom.ubi.pt\/wp-content\/uploads\/2022\/11\/osdiascomele-300x214.jpg\" alt=\"Os Dias com Ele \u2013 Maria Clara Escobar\" width=\"300\" height=\"214\" srcset=\"https:\/\/speculum.labcom.ubi.pt\/wp-content\/uploads\/2022\/11\/osdiascomele-300x214.jpg 300w, https:\/\/speculum.labcom.ubi.pt\/wp-content\/uploads\/2022\/11\/osdiascomele.jpg 754w\" sizes=\"(max-width: 300px) 100vw, 300px\" \/><figcaption id=\"caption-attachment-167\" class=\"wp-caption-text\">Os Dias com Ele \u2013 Maria Clara Escobar<\/figcaption><\/figure>\n<figure id=\"attachment_166\" aria-describedby=\"caption-attachment-166\" style=\"width: 300px\" class=\"wp-caption alignnone\"><img loading=\"lazy\" decoding=\"async\" class=\"size-medium wp-image-166\" src=\"https:\/\/speculum.labcom.ubi.pt\/wp-content\/uploads\/2022\/11\/oreidocarima2-300x250.jpg\" alt=\"O Rei do Carim\u00e3 \u2013 Tata Amaral\" width=\"300\" height=\"250\" srcset=\"https:\/\/speculum.labcom.ubi.pt\/wp-content\/uploads\/2022\/11\/oreidocarima2-300x250.jpg 300w, https:\/\/speculum.labcom.ubi.pt\/wp-content\/uploads\/2022\/11\/oreidocarima2-1024x853.jpg 1024w, https:\/\/speculum.labcom.ubi.pt\/wp-content\/uploads\/2022\/11\/oreidocarima2-768x640.jpg 768w, https:\/\/speculum.labcom.ubi.pt\/wp-content\/uploads\/2022\/11\/oreidocarima2-1536x1280.jpg 1536w, https:\/\/speculum.labcom.ubi.pt\/wp-content\/uploads\/2022\/11\/oreidocarima2-2048x1707.jpg 2048w\" sizes=\"(max-width: 300px) 100vw, 300px\" \/><figcaption id=\"caption-attachment-166\" class=\"wp-caption-text\">O Rei do Carim\u00e3 \u2013 Tata Amaral<\/figcaption><\/figure>\n<figure id=\"attachment_165\" aria-describedby=\"caption-attachment-165\" style=\"width: 300px\" class=\"wp-caption alignnone\"><img loading=\"lazy\" decoding=\"async\" class=\"size-medium wp-image-165\" src=\"https:\/\/speculum.labcom.ubi.pt\/wp-content\/uploads\/2022\/11\/oreidocarima-300x250.jpg\" alt=\"O Rei do Carim\u00e3 \u2013 Tata Amaral\" width=\"300\" height=\"250\" srcset=\"https:\/\/speculum.labcom.ubi.pt\/wp-content\/uploads\/2022\/11\/oreidocarima-300x250.jpg 300w, https:\/\/speculum.labcom.ubi.pt\/wp-content\/uploads\/2022\/11\/oreidocarima-1024x853.jpg 1024w, https:\/\/speculum.labcom.ubi.pt\/wp-content\/uploads\/2022\/11\/oreidocarima-768x640.jpg 768w, https:\/\/speculum.labcom.ubi.pt\/wp-content\/uploads\/2022\/11\/oreidocarima-1536x1280.jpg 1536w, https:\/\/speculum.labcom.ubi.pt\/wp-content\/uploads\/2022\/11\/oreidocarima-2048x1707.jpg 2048w\" sizes=\"(max-width: 300px) 100vw, 300px\" \/><figcaption id=\"caption-attachment-165\" class=\"wp-caption-text\">O Rei do Carim\u00e3 \u2013 Tata Amaral<\/figcaption><\/figure>\n<figure id=\"attachment_164\" aria-describedby=\"caption-attachment-164\" style=\"width: 300px\" class=\"wp-caption alignnone\"><img loading=\"lazy\" decoding=\"async\" class=\"size-medium wp-image-164\" src=\"https:\/\/speculum.labcom.ubi.pt\/wp-content\/uploads\/2022\/11\/olhosderessaca2-300x225.jpg\" alt=\"Olhos de Ressaca \u2013 Petra Costa\" width=\"300\" height=\"225\" srcset=\"https:\/\/speculum.labcom.ubi.pt\/wp-content\/uploads\/2022\/11\/olhosderessaca2-300x225.jpg 300w, https:\/\/speculum.labcom.ubi.pt\/wp-content\/uploads\/2022\/11\/olhosderessaca2.jpg 720w\" sizes=\"(max-width: 300px) 100vw, 300px\" \/><figcaption id=\"caption-attachment-164\" class=\"wp-caption-text\">Olhos de Ressaca \u2013 Petra Costa<\/figcaption><\/figure>\n<figure id=\"attachment_163\" aria-describedby=\"caption-attachment-163\" style=\"width: 300px\" class=\"wp-caption alignnone\"><img loading=\"lazy\" decoding=\"async\" class=\"size-medium wp-image-163\" src=\"https:\/\/speculum.labcom.ubi.pt\/wp-content\/uploads\/2022\/11\/olhosderessaca-300x183.jpg\" alt=\"Olhos de Ressaca \u2013 Petra Costa\" width=\"300\" height=\"183\" srcset=\"https:\/\/speculum.labcom.ubi.pt\/wp-content\/uploads\/2022\/11\/olhosderessaca-300x183.jpg 300w, https:\/\/speculum.labcom.ubi.pt\/wp-content\/uploads\/2022\/11\/olhosderessaca-1024x624.jpg 1024w, https:\/\/speculum.labcom.ubi.pt\/wp-content\/uploads\/2022\/11\/olhosderessaca-768x468.jpg 768w, https:\/\/speculum.labcom.ubi.pt\/wp-content\/uploads\/2022\/11\/olhosderessaca.jpg 1451w\" sizes=\"(max-width: 300px) 100vw, 300px\" \/><figcaption id=\"caption-attachment-163\" class=\"wp-caption-text\">Olhos de Ressaca \u2013 Petra Costa<\/figcaption><\/figure>\n<figure id=\"attachment_162\" aria-describedby=\"caption-attachment-162\" style=\"width: 300px\" class=\"wp-caption alignnone\"><img loading=\"lazy\" decoding=\"async\" class=\"size-medium wp-image-162\" src=\"https:\/\/speculum.labcom.ubi.pt\/wp-content\/uploads\/2022\/11\/oespelhodeana2-300x209.jpg\" alt=\"O Espelho de Ana \u2013 J\u00e9ssica Candal\" width=\"300\" height=\"209\" srcset=\"https:\/\/speculum.labcom.ubi.pt\/wp-content\/uploads\/2022\/11\/oespelhodeana2-300x209.jpg 300w, https:\/\/speculum.labcom.ubi.pt\/wp-content\/uploads\/2022\/11\/oespelhodeana2-768x536.jpg 768w, https:\/\/speculum.labcom.ubi.pt\/wp-content\/uploads\/2022\/11\/oespelhodeana2.jpg 974w\" sizes=\"(max-width: 300px) 100vw, 300px\" \/><figcaption id=\"caption-attachment-162\" class=\"wp-caption-text\">O Espelho de Ana \u2013 J\u00e9ssica Candal<\/figcaption><\/figure>\n<figure id=\"attachment_161\" aria-describedby=\"caption-attachment-161\" style=\"width: 300px\" class=\"wp-caption alignnone\"><img loading=\"lazy\" decoding=\"async\" class=\"size-medium wp-image-161\" src=\"https:\/\/speculum.labcom.ubi.pt\/wp-content\/uploads\/2022\/11\/oespelhodeana-300x300.jpg\" alt=\"O Espelho de Ana \u2013 J\u00e9ssica Candal\" width=\"300\" height=\"300\" srcset=\"https:\/\/speculum.labcom.ubi.pt\/wp-content\/uploads\/2022\/11\/oespelhodeana-300x300.jpg 300w, https:\/\/speculum.labcom.ubi.pt\/wp-content\/uploads\/2022\/11\/oespelhodeana-1024x1024.jpg 1024w, https:\/\/speculum.labcom.ubi.pt\/wp-content\/uploads\/2022\/11\/oespelhodeana-150x150.jpg 150w, https:\/\/speculum.labcom.ubi.pt\/wp-content\/uploads\/2022\/11\/oespelhodeana-768x768.jpg 768w, https:\/\/speculum.labcom.ubi.pt\/wp-content\/uploads\/2022\/11\/oespelhodeana.jpg 1535w\" sizes=\"(max-width: 300px) 100vw, 300px\" \/><figcaption id=\"caption-attachment-161\" class=\"wp-caption-text\">O Espelho de Ana \u2013 J\u00e9ssica Candal<\/figcaption><\/figure>\n<figure id=\"attachment_160\" aria-describedby=\"caption-attachment-160\" style=\"width: 300px\" class=\"wp-caption alignnone\"><img loading=\"lazy\" decoding=\"async\" class=\"size-medium wp-image-160\" src=\"https:\/\/speculum.labcom.ubi.pt\/wp-content\/uploads\/2022\/11\/ochapeudomeuavo\u03022-300x225.jpg\" alt=\"O Chap\u00e9u do meu Av\u00f4 \u2013 Julia Zakia\" width=\"300\" height=\"225\" srcset=\"https:\/\/speculum.labcom.ubi.pt\/wp-content\/uploads\/2022\/11\/ochapeudomeuavo\u03022-300x225.jpg 300w, https:\/\/speculum.labcom.ubi.pt\/wp-content\/uploads\/2022\/11\/ochapeudomeuavo\u03022.jpg 480w\" sizes=\"(max-width: 300px) 100vw, 300px\" \/><figcaption id=\"caption-attachment-160\" class=\"wp-caption-text\">O Chap\u00e9u do meu Av\u00f4 \u2013 Julia Zakia<\/figcaption><\/figure>\n<figure id=\"attachment_159\" aria-describedby=\"caption-attachment-159\" style=\"width: 300px\" class=\"wp-caption alignnone\"><img loading=\"lazy\" decoding=\"async\" class=\"size-medium wp-image-159\" src=\"https:\/\/speculum.labcom.ubi.pt\/wp-content\/uploads\/2022\/11\/ochapeudomeuavo\u0302-300x200.jpg\" alt=\"O Chap\u00e9u do meu Av\u00f4 \u2013 Julia Zakia\" width=\"300\" height=\"200\" srcset=\"https:\/\/speculum.labcom.ubi.pt\/wp-content\/uploads\/2022\/11\/ochapeudomeuavo\u0302-300x200.jpg 300w, https:\/\/speculum.labcom.ubi.pt\/wp-content\/uploads\/2022\/11\/ochapeudomeuavo\u0302.jpg 720w\" sizes=\"(max-width: 300px) 100vw, 300px\" \/><figcaption id=\"caption-attachment-159\" class=\"wp-caption-text\">O Chap\u00e9u do meu Av\u00f4 \u2013 Julia Zakia<\/figcaption><\/figure>\n<figure id=\"attachment_158\" aria-describedby=\"caption-attachment-158\" style=\"width: 300px\" class=\"wp-caption alignnone\"><img loading=\"lazy\" decoding=\"async\" class=\"size-medium wp-image-158\" src=\"https:\/\/speculum.labcom.ubi.pt\/wp-content\/uploads\/2022\/11\/nomedebatismofrances2-300x202.jpg\" alt=\"Nome de Batismo: Alice \u2013 Tila Chitunda\" width=\"300\" height=\"202\" srcset=\"https:\/\/speculum.labcom.ubi.pt\/wp-content\/uploads\/2022\/11\/nomedebatismofrances2-300x202.jpg 300w, https:\/\/speculum.labcom.ubi.pt\/wp-content\/uploads\/2022\/11\/nomedebatismofrances2.jpg 460w\" sizes=\"(max-width: 300px) 100vw, 300px\" \/><figcaption id=\"caption-attachment-158\" class=\"wp-caption-text\">Nome de Batismo: Alice \u2013 Tila Chitunda<\/figcaption><\/figure>\n<figure id=\"attachment_157\" aria-describedby=\"caption-attachment-157\" style=\"width: 300px\" class=\"wp-caption alignnone\"><img loading=\"lazy\" decoding=\"async\" class=\"size-medium wp-image-157\" src=\"https:\/\/speculum.labcom.ubi.pt\/wp-content\/uploads\/2022\/11\/nomedebatismofrances-300x169.png\" alt=\"Nome de Batismo: Alice \u2013 Tila Chitunda\" width=\"300\" height=\"169\" srcset=\"https:\/\/speculum.labcom.ubi.pt\/wp-content\/uploads\/2022\/11\/nomedebatismofrances-300x169.png 300w, https:\/\/speculum.labcom.ubi.pt\/wp-content\/uploads\/2022\/11\/nomedebatismofrances-768x434.png 768w, https:\/\/speculum.labcom.ubi.pt\/wp-content\/uploads\/2022\/11\/nomedebatismofrances.png 832w\" sizes=\"(max-width: 300px) 100vw, 300px\" \/><figcaption id=\"caption-attachment-157\" class=\"wp-caption-text\">Nome de Batismo: Alice \u2013 Tila Chitunda<\/figcaption><\/figure>\n<figure id=\"attachment_156\" aria-describedby=\"caption-attachment-156\" style=\"width: 300px\" class=\"wp-caption alignnone\"><img loading=\"lazy\" decoding=\"async\" class=\"size-medium wp-image-156\" src=\"https:\/\/speculum.labcom.ubi.pt\/wp-content\/uploads\/2022\/11\/nomedebatismoalice2-300x202.png\" alt=\"Nome de Batismo: Alice \u2013 Tila Chitunda\" width=\"300\" height=\"202\" srcset=\"https:\/\/speculum.labcom.ubi.pt\/wp-content\/uploads\/2022\/11\/nomedebatismoalice2-300x202.png 300w, https:\/\/speculum.labcom.ubi.pt\/wp-content\/uploads\/2022\/11\/nomedebatismoalice2.png 460w\" sizes=\"(max-width: 300px) 100vw, 300px\" \/><figcaption id=\"caption-attachment-156\" class=\"wp-caption-text\">Nome de Batismo: Alice \u2013 Tila Chitunda<\/figcaption><\/figure>\n<figure id=\"attachment_155\" aria-describedby=\"caption-attachment-155\" style=\"width: 300px\" class=\"wp-caption alignnone\"><img loading=\"lazy\" decoding=\"async\" class=\"size-medium wp-image-155\" src=\"https:\/\/speculum.labcom.ubi.pt\/wp-content\/uploads\/2022\/11\/nomedebatismoalice-300x169.jpg\" alt=\"Nome de Batismo: Alice \u2013 Tila Chitunda\" width=\"300\" height=\"169\" srcset=\"https:\/\/speculum.labcom.ubi.pt\/wp-content\/uploads\/2022\/11\/nomedebatismoalice-300x169.jpg 300w, https:\/\/speculum.labcom.ubi.pt\/wp-content\/uploads\/2022\/11\/nomedebatismoalice.jpg 720w\" sizes=\"(max-width: 300px) 100vw, 300px\" \/><figcaption id=\"caption-attachment-155\" class=\"wp-caption-text\">Nome de Batismo: Alice \u2013 Tila Chitunda<\/figcaption><\/figure>\n<figure id=\"attachment_154\" aria-describedby=\"caption-attachment-154\" style=\"width: 300px\" class=\"wp-caption alignnone\"><img loading=\"lazy\" decoding=\"async\" class=\"size-medium wp-image-154\" src=\"https:\/\/speculum.labcom.ubi.pt\/wp-content\/uploads\/2022\/11\/naosaofavassaofeijocas2-300x185.jpg\" alt=\"N\u00e3o S\u00e3o Favas, S\u00e3o Feijocas \u2013 T\u00e2nia Dinis\" width=\"300\" height=\"185\" srcset=\"https:\/\/speculum.labcom.ubi.pt\/wp-content\/uploads\/2022\/11\/naosaofavassaofeijocas2-300x185.jpg 300w, https:\/\/speculum.labcom.ubi.pt\/wp-content\/uploads\/2022\/11\/naosaofavassaofeijocas2.jpg 708w\" sizes=\"(max-width: 300px) 100vw, 300px\" \/><figcaption id=\"caption-attachment-154\" class=\"wp-caption-text\">N\u00e3o S\u00e3o Favas, S\u00e3o Feijocas \u2013 T\u00e2nia Dinis<\/figcaption><\/figure>\n<figure id=\"attachment_153\" aria-describedby=\"caption-attachment-153\" style=\"width: 300px\" class=\"wp-caption alignnone\"><img loading=\"lazy\" decoding=\"async\" class=\"size-medium wp-image-153\" src=\"https:\/\/speculum.labcom.ubi.pt\/wp-content\/uploads\/2022\/11\/naosaofavassaofeijocas-300x169.jpg\" alt=\"N\u00e3o S\u00e3o Favas, S\u00e3o Feijocas \u2013 T\u00e2nia Dinis\" width=\"300\" height=\"169\" srcset=\"https:\/\/speculum.labcom.ubi.pt\/wp-content\/uploads\/2022\/11\/naosaofavassaofeijocas-300x169.jpg 300w, https:\/\/speculum.labcom.ubi.pt\/wp-content\/uploads\/2022\/11\/naosaofavassaofeijocas-1024x576.jpg 1024w, https:\/\/speculum.labcom.ubi.pt\/wp-content\/uploads\/2022\/11\/naosaofavassaofeijocas-768x432.jpg 768w, https:\/\/speculum.labcom.ubi.pt\/wp-content\/uploads\/2022\/11\/naosaofavassaofeijocas-1536x864.jpg 1536w, https:\/\/speculum.labcom.ubi.pt\/wp-content\/uploads\/2022\/11\/naosaofavassaofeijocas.jpg 1920w\" sizes=\"(max-width: 300px) 100vw, 300px\" \/><figcaption id=\"caption-attachment-153\" class=\"wp-caption-text\">N\u00e3o S\u00e3o Favas, S\u00e3o Feijocas \u2013 T\u00e2nia Dinis<\/figcaption><\/figure>\n<figure id=\"attachment_152\" aria-describedby=\"caption-attachment-152\" style=\"width: 300px\" class=\"wp-caption alignnone\"><img loading=\"lazy\" decoding=\"async\" class=\"size-medium wp-image-152\" src=\"https:\/\/speculum.labcom.ubi.pt\/wp-content\/uploads\/2022\/11\/metamorfosedospassaros2-300x169.jpg\" alt=\"Metamorfose dos P\u00e1ssaros \u2013 Catarina Vasconcelos\" width=\"300\" height=\"169\" srcset=\"https:\/\/speculum.labcom.ubi.pt\/wp-content\/uploads\/2022\/11\/metamorfosedospassaros2-300x169.jpg 300w, https:\/\/speculum.labcom.ubi.pt\/wp-content\/uploads\/2022\/11\/metamorfosedospassaros2-1024x576.jpg 1024w, https:\/\/speculum.labcom.ubi.pt\/wp-content\/uploads\/2022\/11\/metamorfosedospassaros2-768x432.jpg 768w, https:\/\/speculum.labcom.ubi.pt\/wp-content\/uploads\/2022\/11\/metamorfosedospassaros2.jpg 1280w\" sizes=\"(max-width: 300px) 100vw, 300px\" \/><figcaption id=\"caption-attachment-152\" class=\"wp-caption-text\">Metamorfose dos P\u00e1ssaros \u2013 Catarina Vasconcelos<\/figcaption><\/figure>\n<figure id=\"attachment_151\" aria-describedby=\"caption-attachment-151\" style=\"width: 300px\" class=\"wp-caption alignnone\"><img loading=\"lazy\" decoding=\"async\" class=\"size-medium wp-image-151\" src=\"https:\/\/speculum.labcom.ubi.pt\/wp-content\/uploads\/2022\/11\/metamorfosedospassaros-300x200.jpg\" alt=\"Metamorfose dos P\u00e1ssaros \u2013 Catarina Vasconcelos\" width=\"300\" height=\"200\" srcset=\"https:\/\/speculum.labcom.ubi.pt\/wp-content\/uploads\/2022\/11\/metamorfosedospassaros-300x200.jpg 300w, https:\/\/speculum.labcom.ubi.pt\/wp-content\/uploads\/2022\/11\/metamorfosedospassaros-1024x683.jpg 1024w, https:\/\/speculum.labcom.ubi.pt\/wp-content\/uploads\/2022\/11\/metamorfosedospassaros-768x512.jpg 768w, https:\/\/speculum.labcom.ubi.pt\/wp-content\/uploads\/2022\/11\/metamorfosedospassaros.jpg 1400w\" sizes=\"(max-width: 300px) 100vw, 300px\" \/><figcaption id=\"caption-attachment-151\" class=\"wp-caption-text\">Metamorfose dos P\u00e1ssaros \u2013 Catarina Vasconcelos<\/figcaption><\/figure>\n<figure id=\"attachment_150\" aria-describedby=\"caption-attachment-150\" style=\"width: 300px\" class=\"wp-caption alignnone\"><img loading=\"lazy\" decoding=\"async\" class=\"size-medium wp-image-150\" src=\"https:\/\/speculum.labcom.ubi.pt\/wp-content\/uploads\/2022\/11\/memoriadescritiva2-300x225.jpg\" alt=\"Mem\u00f3ria Descritiva \u2013 M\u00e9lanie Pereira\" width=\"300\" height=\"225\" srcset=\"https:\/\/speculum.labcom.ubi.pt\/wp-content\/uploads\/2022\/11\/memoriadescritiva2-300x225.jpg 300w, https:\/\/speculum.labcom.ubi.pt\/wp-content\/uploads\/2022\/11\/memoriadescritiva2-1024x768.jpg 1024w, https:\/\/speculum.labcom.ubi.pt\/wp-content\/uploads\/2022\/11\/memoriadescritiva2-768x576.jpg 768w, https:\/\/speculum.labcom.ubi.pt\/wp-content\/uploads\/2022\/11\/memoriadescritiva2-1536x1152.jpg 1536w, https:\/\/speculum.labcom.ubi.pt\/wp-content\/uploads\/2022\/11\/memoriadescritiva2.jpg 1800w\" sizes=\"(max-width: 300px) 100vw, 300px\" \/><figcaption id=\"caption-attachment-150\" class=\"wp-caption-text\">Mem\u00f3ria Descritiva \u2013 Melanie Pereira<\/figcaption><\/figure>\n<figure id=\"attachment_149\" aria-describedby=\"caption-attachment-149\" style=\"width: 300px\" class=\"wp-caption alignnone\"><img loading=\"lazy\" decoding=\"async\" class=\"size-medium wp-image-149\" src=\"https:\/\/speculum.labcom.ubi.pt\/wp-content\/uploads\/2022\/11\/memoriadescritiva-300x185.jpg\" alt=\"Mem\u00f3ria Descritiva \u2013 M\u00e9lanie Pereira\" width=\"300\" height=\"185\" srcset=\"https:\/\/speculum.labcom.ubi.pt\/wp-content\/uploads\/2022\/11\/memoriadescritiva-300x185.jpg 300w, https:\/\/speculum.labcom.ubi.pt\/wp-content\/uploads\/2022\/11\/memoriadescritiva.jpg 708w\" sizes=\"(max-width: 300px) 100vw, 300px\" \/><figcaption id=\"caption-attachment-149\" class=\"wp-caption-text\">Mem\u00f3ria Descritiva \u2013 Melanie Pereira<\/figcaption><\/figure>\n<figure id=\"attachment_147\" aria-describedby=\"caption-attachment-147\" style=\"width: 300px\" class=\"wp-caption alignnone\"><img loading=\"lazy\" decoding=\"async\" class=\"size-medium wp-image-147\" src=\"https:\/\/speculum.labcom.ubi.pt\/wp-content\/uploads\/2022\/11\/memoriadamemoria.2-300x169.jpg\" alt=\"Mem\u00f3ria da Mem\u00f3ria \u2013 Paula Gait\u00e1n\" width=\"300\" height=\"169\" srcset=\"https:\/\/speculum.labcom.ubi.pt\/wp-content\/uploads\/2022\/11\/memoriadamemoria.2-300x169.jpg 300w, https:\/\/speculum.labcom.ubi.pt\/wp-content\/uploads\/2022\/11\/memoriadamemoria.2-1024x576.jpg 1024w, https:\/\/speculum.labcom.ubi.pt\/wp-content\/uploads\/2022\/11\/memoriadamemoria.2-768x432.jpg 768w, https:\/\/speculum.labcom.ubi.pt\/wp-content\/uploads\/2022\/11\/memoriadamemoria.2-1536x864.jpg 1536w, https:\/\/speculum.labcom.ubi.pt\/wp-content\/uploads\/2022\/11\/memoriadamemoria.2.jpg 1920w\" sizes=\"(max-width: 300px) 100vw, 300px\" \/><figcaption id=\"caption-attachment-147\" class=\"wp-caption-text\">Mem\u00f3ria da Mem\u00f3ria \u2013 Paula Gait\u00e1n<\/figcaption><\/figure>\n<figure id=\"attachment_148\" aria-describedby=\"caption-attachment-148\" style=\"width: 300px\" class=\"wp-caption alignnone\"><img loading=\"lazy\" decoding=\"async\" class=\"size-medium wp-image-148\" src=\"https:\/\/speculum.labcom.ubi.pt\/wp-content\/uploads\/2022\/11\/memoriadamemoria-300x225.jpg\" alt=\"Mem\u00f3ria da Mem\u00f3ria \u2013 Paula Gait\u00e1n\" width=\"300\" height=\"225\" srcset=\"https:\/\/speculum.labcom.ubi.pt\/wp-content\/uploads\/2022\/11\/memoriadamemoria-300x225.jpg 300w, https:\/\/speculum.labcom.ubi.pt\/wp-content\/uploads\/2022\/11\/memoriadamemoria-1024x768.jpg 1024w, https:\/\/speculum.labcom.ubi.pt\/wp-content\/uploads\/2022\/11\/memoriadamemoria-768x576.jpg 768w, https:\/\/speculum.labcom.ubi.pt\/wp-content\/uploads\/2022\/11\/memoriadamemoria.jpg 1440w\" sizes=\"(max-width: 300px) 100vw, 300px\" \/><figcaption id=\"caption-attachment-148\" class=\"wp-caption-text\">Mem\u00f3ria da Mem\u00f3ria \u2013 Paula Gait\u00e1n<\/figcaption><\/figure>\n<figure id=\"attachment_146\" aria-describedby=\"caption-attachment-146\" style=\"width: 290px\" class=\"wp-caption alignnone\"><img loading=\"lazy\" decoding=\"async\" class=\"size-medium wp-image-146\" src=\"https:\/\/speculum.labcom.ubi.pt\/wp-content\/uploads\/2022\/11\/marighella.webp\" alt=\"Marighella - Isa Grinspum Ferraz\" width=\"290\" height=\"217\" \/><figcaption id=\"caption-attachment-146\" class=\"wp-caption-text\">Marighella &#8211; Isa Grinspum Ferraz<\/figcaption><\/figure>\n<figure id=\"attachment_145\" aria-describedby=\"caption-attachment-145\" style=\"width: 300px\" class=\"wp-caption alignnone\"><img loading=\"lazy\" decoding=\"async\" class=\"size-medium wp-image-145\" src=\"https:\/\/speculum.labcom.ubi.pt\/wp-content\/uploads\/2022\/11\/marighela2-300x169.jpg\" alt=\"Marighella - Isa Grinspum Ferraz\" width=\"300\" height=\"169\" srcset=\"https:\/\/speculum.labcom.ubi.pt\/wp-content\/uploads\/2022\/11\/marighela2-300x169.jpg 300w, https:\/\/speculum.labcom.ubi.pt\/wp-content\/uploads\/2022\/11\/marighela2-1024x576.jpg 1024w, https:\/\/speculum.labcom.ubi.pt\/wp-content\/uploads\/2022\/11\/marighela2-768x432.jpg 768w, https:\/\/speculum.labcom.ubi.pt\/wp-content\/uploads\/2022\/11\/marighela2.jpg 1280w\" sizes=\"(max-width: 300px) 100vw, 300px\" \/><figcaption id=\"caption-attachment-145\" class=\"wp-caption-text\">Marighella &#8211; Isa Grinspum Ferraz<\/figcaption><\/figure>\n<figure id=\"attachment_144\" aria-describedby=\"caption-attachment-144\" style=\"width: 300px\" class=\"wp-caption alignnone\"><img loading=\"lazy\" decoding=\"async\" class=\"size-medium wp-image-144\" src=\"https:\/\/speculum.labcom.ubi.pt\/wp-content\/uploads\/2022\/11\/lugaresdeausencia2-300x225.jpg\" alt=\"Lugares de Aus\u00eancia \u2013 M\u00e9lanie Pereira\" width=\"300\" height=\"225\" srcset=\"https:\/\/speculum.labcom.ubi.pt\/wp-content\/uploads\/2022\/11\/lugaresdeausencia2-300x225.jpg 300w, https:\/\/speculum.labcom.ubi.pt\/wp-content\/uploads\/2022\/11\/lugaresdeausencia2-1024x768.jpg 1024w, https:\/\/speculum.labcom.ubi.pt\/wp-content\/uploads\/2022\/11\/lugaresdeausencia2-768x576.jpg 768w, https:\/\/speculum.labcom.ubi.pt\/wp-content\/uploads\/2022\/11\/lugaresdeausencia2-1536x1152.jpg 1536w, https:\/\/speculum.labcom.ubi.pt\/wp-content\/uploads\/2022\/11\/lugaresdeausencia2.jpg 1800w\" sizes=\"(max-width: 300px) 100vw, 300px\" \/><figcaption id=\"caption-attachment-144\" class=\"wp-caption-text\">Lugares de Aus\u00eancia \u2013 Melanie Pereira<\/figcaption><\/figure>\n<figure id=\"attachment_143\" aria-describedby=\"caption-attachment-143\" style=\"width: 300px\" class=\"wp-caption alignnone\"><img loading=\"lazy\" decoding=\"async\" class=\"size-medium wp-image-143\" src=\"https:\/\/speculum.labcom.ubi.pt\/wp-content\/uploads\/2022\/11\/lugaresdeausencia-300x169.jpg\" alt=\"Lugares de Aus\u00eancia \u2013 M\u00e9lanie Pereira\" width=\"300\" height=\"169\" srcset=\"https:\/\/speculum.labcom.ubi.pt\/wp-content\/uploads\/2022\/11\/lugaresdeausencia-300x169.jpg 300w, https:\/\/speculum.labcom.ubi.pt\/wp-content\/uploads\/2022\/11\/lugaresdeausencia-1024x576.jpg 1024w, https:\/\/speculum.labcom.ubi.pt\/wp-content\/uploads\/2022\/11\/lugaresdeausencia-768x432.jpg 768w, https:\/\/speculum.labcom.ubi.pt\/wp-content\/uploads\/2022\/11\/lugaresdeausencia.jpg 1280w\" sizes=\"(max-width: 300px) 100vw, 300px\" \/><figcaption id=\"caption-attachment-143\" class=\"wp-caption-text\">Lugares de Aus\u00eancia \u2013 Melanie Pereira<\/figcaption><\/figure>\n<figure id=\"attachment_142\" aria-describedby=\"caption-attachment-142\" style=\"width: 300px\" class=\"wp-caption alignnone\"><img loading=\"lazy\" decoding=\"async\" class=\"size-medium wp-image-142\" src=\"https:\/\/speculum.labcom.ubi.pt\/wp-content\/uploads\/2022\/11\/limiar2-300x169.webp\" alt=\"Limiar \u2013 Coraci Ruiz\" width=\"300\" height=\"169\" srcset=\"https:\/\/speculum.labcom.ubi.pt\/wp-content\/uploads\/2022\/11\/limiar2-300x169.webp 300w, https:\/\/speculum.labcom.ubi.pt\/wp-content\/uploads\/2022\/11\/limiar2-1024x576.webp 1024w, https:\/\/speculum.labcom.ubi.pt\/wp-content\/uploads\/2022\/11\/limiar2-768x432.webp 768w, https:\/\/speculum.labcom.ubi.pt\/wp-content\/uploads\/2022\/11\/limiar2.webp 1200w\" sizes=\"(max-width: 300px) 100vw, 300px\" \/><figcaption id=\"caption-attachment-142\" class=\"wp-caption-text\">Limiar \u2013 Coraci Ruiz<\/figcaption><\/figure>\n<figure id=\"attachment_141\" aria-describedby=\"caption-attachment-141\" style=\"width: 300px\" class=\"wp-caption alignnone\"><img loading=\"lazy\" decoding=\"async\" class=\"size-medium wp-image-141\" src=\"https:\/\/speculum.labcom.ubi.pt\/wp-content\/uploads\/2022\/11\/limiar-300x168.png\" alt=\"Limiar \u2013 Coraci Ruiz\" width=\"300\" height=\"168\" srcset=\"https:\/\/speculum.labcom.ubi.pt\/wp-content\/uploads\/2022\/11\/limiar-300x168.png 300w, https:\/\/speculum.labcom.ubi.pt\/wp-content\/uploads\/2022\/11\/limiar.png 730w\" sizes=\"(max-width: 300px) 100vw, 300px\" \/><figcaption id=\"caption-attachment-141\" class=\"wp-caption-text\">Limiar \u2013 Coraci Ruiz<\/figcaption><\/figure>\n<figure id=\"attachment_140\" aria-describedby=\"caption-attachment-140\" style=\"width: 300px\" class=\"wp-caption alignnone\"><img loading=\"lazy\" decoding=\"async\" class=\"size-medium wp-image-140\" src=\"https:\/\/speculum.labcom.ubi.pt\/wp-content\/uploads\/2022\/11\/kbela-curta-300x169.jpg\" alt=\"Kbela \u2013 Yasmin Thayn\u00e1\" width=\"300\" height=\"169\" srcset=\"https:\/\/speculum.labcom.ubi.pt\/wp-content\/uploads\/2022\/11\/kbela-curta-300x169.jpg 300w, https:\/\/speculum.labcom.ubi.pt\/wp-content\/uploads\/2022\/11\/kbela-curta-1024x576.jpg 1024w, https:\/\/speculum.labcom.ubi.pt\/wp-content\/uploads\/2022\/11\/kbela-curta-768x432.jpg 768w, https:\/\/speculum.labcom.ubi.pt\/wp-content\/uploads\/2022\/11\/kbela-curta.jpg 1280w\" sizes=\"(max-width: 300px) 100vw, 300px\" \/><figcaption id=\"caption-attachment-140\" class=\"wp-caption-text\">Kbela \u2013 Yasmin Thayn\u00e1<\/figcaption><\/figure>\n<figure id=\"attachment_139\" aria-describedby=\"caption-attachment-139\" style=\"width: 300px\" class=\"wp-caption alignnone\"><img loading=\"lazy\" decoding=\"async\" class=\"size-medium wp-image-139\" src=\"https:\/\/speculum.labcom.ubi.pt\/wp-content\/uploads\/2022\/11\/kbela_curta-1-300x169.webp\" alt=\"Kbela \u2013 Yasmin Thayn\u00e1\" width=\"300\" height=\"169\" srcset=\"https:\/\/speculum.labcom.ubi.pt\/wp-content\/uploads\/2022\/11\/kbela_curta-1-300x169.webp 300w, https:\/\/speculum.labcom.ubi.pt\/wp-content\/uploads\/2022\/11\/kbela_curta-1-1024x576.webp 1024w, https:\/\/speculum.labcom.ubi.pt\/wp-content\/uploads\/2022\/11\/kbela_curta-1-768x432.webp 768w, https:\/\/speculum.labcom.ubi.pt\/wp-content\/uploads\/2022\/11\/kbela_curta-1.webp 1280w\" sizes=\"(max-width: 300px) 100vw, 300px\" \/><figcaption id=\"caption-attachment-139\" class=\"wp-caption-text\">Kbela \u2013 Yasmin Thayn\u00e1<\/figcaption><\/figure>\n<figure id=\"attachment_138\" aria-describedby=\"caption-attachment-138\" style=\"width: 300px\" class=\"wp-caption alignnone\"><img loading=\"lazy\" decoding=\"async\" class=\"size-medium wp-image-138\" src=\"https:\/\/speculum.labcom.ubi.pt\/wp-content\/uploads\/2022\/11\/kbela_curta-1-300x169.jpg\" alt=\"Kbela \u2013 Yasmin Thayn\u00e1\" width=\"300\" height=\"169\" srcset=\"https:\/\/speculum.labcom.ubi.pt\/wp-content\/uploads\/2022\/11\/kbela_curta-1-300x169.jpg 300w, https:\/\/speculum.labcom.ubi.pt\/wp-content\/uploads\/2022\/11\/kbela_curta-1-1024x576.jpg 1024w, https:\/\/speculum.labcom.ubi.pt\/wp-content\/uploads\/2022\/11\/kbela_curta-1-768x432.jpg 768w, https:\/\/speculum.labcom.ubi.pt\/wp-content\/uploads\/2022\/11\/kbela_curta-1.jpg 1280w\" sizes=\"(max-width: 300px) 100vw, 300px\" \/><figcaption id=\"caption-attachment-138\" class=\"wp-caption-text\">Kbela \u2013 Yasmin Thayn\u00e1<\/figcaption><\/figure>\n<figure id=\"attachment_137\" aria-describedby=\"caption-attachment-137\" style=\"width: 300px\" class=\"wp-caption alignnone\"><img loading=\"lazy\" decoding=\"async\" class=\"size-medium wp-image-137\" src=\"https:\/\/speculum.labcom.ubi.pt\/wp-content\/uploads\/2022\/11\/homem-carro2-300x169.jpg\" alt=\"Homem-Carro \u2013 Raquel Valadares\" width=\"300\" height=\"169\" srcset=\"https:\/\/speculum.labcom.ubi.pt\/wp-content\/uploads\/2022\/11\/homem-carro2-300x169.jpg 300w, https:\/\/speculum.labcom.ubi.pt\/wp-content\/uploads\/2022\/11\/homem-carro2-1024x576.jpg 1024w, https:\/\/speculum.labcom.ubi.pt\/wp-content\/uploads\/2022\/11\/homem-carro2-768x432.jpg 768w, https:\/\/speculum.labcom.ubi.pt\/wp-content\/uploads\/2022\/11\/homem-carro2-1536x864.jpg 1536w, https:\/\/speculum.labcom.ubi.pt\/wp-content\/uploads\/2022\/11\/homem-carro2.jpg 1920w\" sizes=\"(max-width: 300px) 100vw, 300px\" \/><figcaption id=\"caption-attachment-137\" class=\"wp-caption-text\">Homem-Carro \u2013 Raquel Valadares<\/figcaption><\/figure>\n<figure id=\"attachment_136\" aria-describedby=\"caption-attachment-136\" style=\"width: 300px\" class=\"wp-caption alignnone\"><img loading=\"lazy\" decoding=\"async\" class=\"size-medium wp-image-136\" src=\"https:\/\/speculum.labcom.ubi.pt\/wp-content\/uploads\/2022\/11\/homem-carro-300x169.jpg\" alt=\"Homem-Carro \u2013 Raquel Valadares\" width=\"300\" height=\"169\" srcset=\"https:\/\/speculum.labcom.ubi.pt\/wp-content\/uploads\/2022\/11\/homem-carro-300x169.jpg 300w, https:\/\/speculum.labcom.ubi.pt\/wp-content\/uploads\/2022\/11\/homem-carro-1024x576.jpg 1024w, https:\/\/speculum.labcom.ubi.pt\/wp-content\/uploads\/2022\/11\/homem-carro-768x432.jpg 768w, https:\/\/speculum.labcom.ubi.pt\/wp-content\/uploads\/2022\/11\/homem-carro-1536x864.jpg 1536w, https:\/\/speculum.labcom.ubi.pt\/wp-content\/uploads\/2022\/11\/homem-carro.jpg 1920w\" sizes=\"(max-width: 300px) 100vw, 300px\" \/><figcaption id=\"caption-attachment-136\" class=\"wp-caption-text\">Homem-Carro \u2013 Raquel Valadares<\/figcaption><\/figure>\n<figure id=\"attachment_135\" aria-describedby=\"caption-attachment-135\" style=\"width: 300px\" class=\"wp-caption alignnone\"><img loading=\"lazy\" decoding=\"async\" class=\"size-medium wp-image-135\" src=\"https:\/\/speculum.labcom.ubi.pt\/wp-content\/uploads\/2022\/11\/hiasasahai-yah2-300x75.jpg\" alt=\"Hai S\u00e1 S\u00e1 \u2013Hai Yah! \u2013 Olga Futemma\" width=\"300\" height=\"75\" srcset=\"https:\/\/speculum.labcom.ubi.pt\/wp-content\/uploads\/2022\/11\/hiasasahai-yah2-300x75.jpg 300w, https:\/\/speculum.labcom.ubi.pt\/wp-content\/uploads\/2022\/11\/hiasasahai-yah2-768x192.jpg 768w, https:\/\/speculum.labcom.ubi.pt\/wp-content\/uploads\/2022\/11\/hiasasahai-yah2.jpg 830w\" sizes=\"(max-width: 300px) 100vw, 300px\" \/><figcaption id=\"caption-attachment-135\" class=\"wp-caption-text\">Hai S\u00e1 S\u00e1 \u2013Hai Yah! \u2013 Olga Futemma<\/figcaption><\/figure>\n<figure id=\"attachment_134\" aria-describedby=\"caption-attachment-134\" style=\"width: 300px\" class=\"wp-caption alignnone\"><img loading=\"lazy\" decoding=\"async\" class=\"size-medium wp-image-134\" src=\"https:\/\/speculum.labcom.ubi.pt\/wp-content\/uploads\/2022\/11\/hiasasa-haiyah-300x175.jpg\" alt=\"Hai S\u00e1 S\u00e1 \u2013Hai Yah! \u2013 Olga Futemma\" width=\"300\" height=\"175\" srcset=\"https:\/\/speculum.labcom.ubi.pt\/wp-content\/uploads\/2022\/11\/hiasasa-haiyah-300x175.jpg 300w, https:\/\/speculum.labcom.ubi.pt\/wp-content\/uploads\/2022\/11\/hiasasa-haiyah-768x448.jpg 768w, https:\/\/speculum.labcom.ubi.pt\/wp-content\/uploads\/2022\/11\/hiasasa-haiyah.jpg 897w\" sizes=\"(max-width: 300px) 100vw, 300px\" \/><figcaption id=\"caption-attachment-134\" class=\"wp-caption-text\">Hai S\u00e1 S\u00e1 \u2013Hai Yah! \u2013 Olga Futemma<\/figcaption><\/figure>\n<figure id=\"attachment_133\" aria-describedby=\"caption-attachment-133\" style=\"width: 300px\" class=\"wp-caption alignnone\"><img loading=\"lazy\" decoding=\"async\" class=\"size-medium wp-image-133\" src=\"https:\/\/speculum.labcom.ubi.pt\/wp-content\/uploads\/2022\/11\/gipsofila2-300x180.jpg\" alt=\"Gipsofila \u2013 Margarida Leit\u00e3o\" width=\"300\" height=\"180\" srcset=\"https:\/\/speculum.labcom.ubi.pt\/wp-content\/uploads\/2022\/11\/gipsofila2-300x180.jpg 300w, https:\/\/speculum.labcom.ubi.pt\/wp-content\/uploads\/2022\/11\/gipsofila2-768x461.jpg 768w, https:\/\/speculum.labcom.ubi.pt\/wp-content\/uploads\/2022\/11\/gipsofila2.jpg 1024w\" sizes=\"(max-width: 300px) 100vw, 300px\" \/><figcaption id=\"caption-attachment-133\" class=\"wp-caption-text\">Gipsofila \u2013 Margarida Leit\u00e3o<\/figcaption><\/figure>\n<figure id=\"attachment_131\" aria-describedby=\"caption-attachment-131\" style=\"width: 300px\" class=\"wp-caption alignnone\"><img loading=\"lazy\" decoding=\"async\" class=\"size-medium wp-image-131\" src=\"https:\/\/speculum.labcom.ubi.pt\/wp-content\/uploads\/2022\/11\/fotografrica2-300x200.jpg\" alt=\"Fotogr\u00c1FRICA \u2013 Tila Chitunda\" width=\"300\" height=\"200\" srcset=\"https:\/\/speculum.labcom.ubi.pt\/wp-content\/uploads\/2022\/11\/fotografrica2-300x200.jpg 300w, https:\/\/speculum.labcom.ubi.pt\/wp-content\/uploads\/2022\/11\/fotografrica2-1024x682.jpg 1024w, https:\/\/speculum.labcom.ubi.pt\/wp-content\/uploads\/2022\/11\/fotografrica2-768x512.jpg 768w, https:\/\/speculum.labcom.ubi.pt\/wp-content\/uploads\/2022\/11\/fotografrica2-1536x1024.jpg 1536w, https:\/\/speculum.labcom.ubi.pt\/wp-content\/uploads\/2022\/11\/fotografrica2.jpg 1772w\" sizes=\"(max-width: 300px) 100vw, 300px\" \/><figcaption id=\"caption-attachment-131\" class=\"wp-caption-text\">Fotogr\u00c1FRICA \u2013 Tila Chitunda<\/figcaption><\/figure>\n<figure id=\"attachment_132\" aria-describedby=\"caption-attachment-132\" style=\"width: 300px\" class=\"wp-caption alignnone\"><img loading=\"lazy\" decoding=\"async\" class=\"size-medium wp-image-132\" src=\"https:\/\/speculum.labcom.ubi.pt\/wp-content\/uploads\/2022\/11\/gipsofila-300x169.jpg\" alt=\"Gipsofila \u2013 Margarida Leit\u00e3o\" width=\"300\" height=\"169\" srcset=\"https:\/\/speculum.labcom.ubi.pt\/wp-content\/uploads\/2022\/11\/gipsofila-300x169.jpg 300w, https:\/\/speculum.labcom.ubi.pt\/wp-content\/uploads\/2022\/11\/gipsofila-1024x576.jpg 1024w, https:\/\/speculum.labcom.ubi.pt\/wp-content\/uploads\/2022\/11\/gipsofila-768x432.jpg 768w, https:\/\/speculum.labcom.ubi.pt\/wp-content\/uploads\/2022\/11\/gipsofila.jpg 1160w\" sizes=\"(max-width: 300px) 100vw, 300px\" \/><figcaption id=\"caption-attachment-132\" class=\"wp-caption-text\">Gipsofila \u2013 Margarida Leit\u00e3o<\/figcaption><\/figure>\n<figure id=\"attachment_130\" aria-describedby=\"caption-attachment-130\" style=\"width: 300px\" class=\"wp-caption alignnone\"><img loading=\"lazy\" decoding=\"async\" class=\"size-medium wp-image-130\" src=\"https:\/\/speculum.labcom.ubi.pt\/wp-content\/uploads\/2022\/11\/fotografrica-300x154.jpg\" alt=\"Fotogr\u00c1FRICA \u2013 Tila Chitunda\" width=\"300\" height=\"154\" srcset=\"https:\/\/speculum.labcom.ubi.pt\/wp-content\/uploads\/2022\/11\/fotografrica-300x154.jpg 300w, https:\/\/speculum.labcom.ubi.pt\/wp-content\/uploads\/2022\/11\/fotografrica-1024x525.jpg 1024w, https:\/\/speculum.labcom.ubi.pt\/wp-content\/uploads\/2022\/11\/fotografrica-768x394.jpg 768w, https:\/\/speculum.labcom.ubi.pt\/wp-content\/uploads\/2022\/11\/fotografrica-1536x788.jpg 1536w, https:\/\/speculum.labcom.ubi.pt\/wp-content\/uploads\/2022\/11\/fotografrica.jpg 1920w\" sizes=\"(max-width: 300px) 100vw, 300px\" \/><figcaption id=\"caption-attachment-130\" class=\"wp-caption-text\">Fotogr\u00c1FRICA \u2013 Tila Chitunda<\/figcaption><\/figure>\n<figure id=\"attachment_129\" aria-describedby=\"caption-attachment-129\" style=\"width: 300px\" class=\"wp-caption alignnone\"><img loading=\"lazy\" decoding=\"async\" class=\"wp-image-129 size-medium\" src=\"https:\/\/speculum.labcom.ubi.pt\/wp-content\/uploads\/2022\/11\/ferradura2-300x169.png\" alt=\"Ferradura \u2013 Bea Gerolin\" width=\"300\" height=\"169\" srcset=\"https:\/\/speculum.labcom.ubi.pt\/wp-content\/uploads\/2022\/11\/ferradura2-300x169.png 300w, https:\/\/speculum.labcom.ubi.pt\/wp-content\/uploads\/2022\/11\/ferradura2-768x432.png 768w, https:\/\/speculum.labcom.ubi.pt\/wp-content\/uploads\/2022\/11\/ferradura2.png 1024w\" sizes=\"(max-width: 300px) 100vw, 300px\" \/><figcaption id=\"caption-attachment-129\" class=\"wp-caption-text\">Ferradura \u2013 Bea Gerolin<\/figcaption><\/figure>\n<figure id=\"attachment_128\" aria-describedby=\"caption-attachment-128\" style=\"width: 300px\" class=\"wp-caption alignnone\"><img loading=\"lazy\" decoding=\"async\" class=\"wp-image-128 size-medium\" src=\"https:\/\/speculum.labcom.ubi.pt\/wp-content\/uploads\/2022\/11\/ferradura-300x169.webp\" alt=\"Ferradura \u2013 Bea Gerolin\" width=\"300\" height=\"169\" srcset=\"https:\/\/speculum.labcom.ubi.pt\/wp-content\/uploads\/2022\/11\/ferradura-300x169.webp 300w, https:\/\/speculum.labcom.ubi.pt\/wp-content\/uploads\/2022\/11\/ferradura-1024x576.webp 1024w, https:\/\/speculum.labcom.ubi.pt\/wp-content\/uploads\/2022\/11\/ferradura-768x432.webp 768w, https:\/\/speculum.labcom.ubi.pt\/wp-content\/uploads\/2022\/11\/ferradura.webp 1280w\" sizes=\"(max-width: 300px) 100vw, 300px\" \/><figcaption id=\"caption-attachment-128\" class=\"wp-caption-text\">Ferradura \u2013 Bea Gerolin<\/figcaption><\/figure>\n<figure id=\"attachment_127\" aria-describedby=\"caption-attachment-127\" style=\"width: 300px\" class=\"wp-caption alignnone\"><img loading=\"lazy\" decoding=\"async\" class=\"size-medium wp-image-127\" src=\"https:\/\/speculum.labcom.ubi.pt\/wp-content\/uploads\/2022\/11\/embuscadelelia2-300x169.jpg\" alt=\"Em Busca de L\u00e9lia \u2013 Beatriz Vieirah\" width=\"300\" height=\"169\" srcset=\"https:\/\/speculum.labcom.ubi.pt\/wp-content\/uploads\/2022\/11\/embuscadelelia2-300x169.jpg 300w, https:\/\/speculum.labcom.ubi.pt\/wp-content\/uploads\/2022\/11\/embuscadelelia2-1024x576.jpg 1024w, https:\/\/speculum.labcom.ubi.pt\/wp-content\/uploads\/2022\/11\/embuscadelelia2-768x432.jpg 768w, https:\/\/speculum.labcom.ubi.pt\/wp-content\/uploads\/2022\/11\/embuscadelelia2.jpg 1280w\" sizes=\"(max-width: 300px) 100vw, 300px\" \/><figcaption id=\"caption-attachment-127\" class=\"wp-caption-text\">Em Busca de L\u00e9lia \u2013 Beatriz Vieirah<\/figcaption><\/figure>\n<figure id=\"attachment_126\" aria-describedby=\"caption-attachment-126\" style=\"width: 300px\" class=\"wp-caption alignnone\"><img loading=\"lazy\" decoding=\"async\" class=\"size-medium wp-image-126\" src=\"https:\/\/speculum.labcom.ubi.pt\/wp-content\/uploads\/2022\/11\/embuscadelelia-300x199.jpg\" alt=\"Em Busca de L\u00e9lia \u2013 Beatriz Vieirah\" width=\"300\" height=\"199\" srcset=\"https:\/\/speculum.labcom.ubi.pt\/wp-content\/uploads\/2022\/11\/embuscadelelia-300x199.jpg 300w, https:\/\/speculum.labcom.ubi.pt\/wp-content\/uploads\/2022\/11\/embuscadelelia-768x510.jpg 768w, https:\/\/speculum.labcom.ubi.pt\/wp-content\/uploads\/2022\/11\/embuscadelelia.jpg 960w\" sizes=\"(max-width: 300px) 100vw, 300px\" \/><figcaption id=\"caption-attachment-126\" class=\"wp-caption-text\">Em Busca de L\u00e9lia \u2013 Beatriz Vieirah<\/figcaption><\/figure>\n<figure id=\"attachment_125\" aria-describedby=\"caption-attachment-125\" style=\"width: 300px\" class=\"wp-caption alignnone\"><img loading=\"lazy\" decoding=\"async\" class=\"size-medium wp-image-125\" src=\"https:\/\/speculum.labcom.ubi.pt\/wp-content\/uploads\/2022\/11\/embuscadeiara2-300x189.jpg\" alt=\"Em Busca de Iara - Fl\u00e1vio Frederico e Mariana Pamplona\" width=\"300\" height=\"189\" srcset=\"https:\/\/speculum.labcom.ubi.pt\/wp-content\/uploads\/2022\/11\/embuscadeiara2-300x189.jpg 300w, https:\/\/speculum.labcom.ubi.pt\/wp-content\/uploads\/2022\/11\/embuscadeiara2-1024x646.jpg 1024w, https:\/\/speculum.labcom.ubi.pt\/wp-content\/uploads\/2022\/11\/embuscadeiara2-768x485.jpg 768w, https:\/\/speculum.labcom.ubi.pt\/wp-content\/uploads\/2022\/11\/embuscadeiara2.jpg 1041w\" sizes=\"(max-width: 300px) 100vw, 300px\" \/><figcaption id=\"caption-attachment-125\" class=\"wp-caption-text\">Em Busca de Iara &#8211; Fl\u00e1vio Frederico e Mariana Pamplona<\/figcaption><\/figure>\n<figure id=\"attachment_124\" aria-describedby=\"caption-attachment-124\" style=\"width: 300px\" class=\"wp-caption alignnone\"><img loading=\"lazy\" decoding=\"async\" class=\"size-medium wp-image-124\" src=\"https:\/\/speculum.labcom.ubi.pt\/wp-content\/uploads\/2022\/11\/embuscadeiara-300x169.jpg\" alt=\"Em Busca de Iara - Fl\u00e1vio Frederico e Mariana Pamplona\" width=\"300\" height=\"169\" srcset=\"https:\/\/speculum.labcom.ubi.pt\/wp-content\/uploads\/2022\/11\/embuscadeiara-300x169.jpg 300w, https:\/\/speculum.labcom.ubi.pt\/wp-content\/uploads\/2022\/11\/embuscadeiara-1024x576.jpg 1024w, https:\/\/speculum.labcom.ubi.pt\/wp-content\/uploads\/2022\/11\/embuscadeiara-768x432.jpg 768w, https:\/\/speculum.labcom.ubi.pt\/wp-content\/uploads\/2022\/11\/embuscadeiara.jpg 1280w\" sizes=\"(max-width: 300px) 100vw, 300px\" \/><figcaption id=\"caption-attachment-124\" class=\"wp-caption-text\">Em Busca de Iara &#8211; Fl\u00e1vio Frederico e Mariana Pamplona<\/figcaption><\/figure>\n<figure id=\"attachment_123\" aria-describedby=\"caption-attachment-123\" style=\"width: 300px\" class=\"wp-caption alignnone\"><img loading=\"lazy\" decoding=\"async\" class=\"size-medium wp-image-123\" src=\"https:\/\/speculum.labcom.ubi.pt\/wp-content\/uploads\/2022\/11\/elena2-300x211.jpg\" alt=\"Elena \u2013 Petra Costa\" width=\"300\" height=\"211\" srcset=\"https:\/\/speculum.labcom.ubi.pt\/wp-content\/uploads\/2022\/11\/elena2-300x211.jpg 300w, https:\/\/speculum.labcom.ubi.pt\/wp-content\/uploads\/2022\/11\/elena2-768x541.jpg 768w, https:\/\/speculum.labcom.ubi.pt\/wp-content\/uploads\/2022\/11\/elena2.jpg 839w\" sizes=\"(max-width: 300px) 100vw, 300px\" \/><figcaption id=\"caption-attachment-123\" class=\"wp-caption-text\">Elena \u2013 Petra Costa<\/figcaption><\/figure>\n<figure id=\"attachment_122\" aria-describedby=\"caption-attachment-122\" style=\"width: 300px\" class=\"wp-caption alignnone\"><img loading=\"lazy\" decoding=\"async\" class=\"size-medium wp-image-122\" src=\"https:\/\/speculum.labcom.ubi.pt\/wp-content\/uploads\/2022\/11\/elena1-300x169.jpg\" alt=\"Elena \u2013 Petra Costa\" width=\"300\" height=\"169\" srcset=\"https:\/\/speculum.labcom.ubi.pt\/wp-content\/uploads\/2022\/11\/elena1-300x169.jpg 300w, https:\/\/speculum.labcom.ubi.pt\/wp-content\/uploads\/2022\/11\/elena1-768x432.jpg 768w, https:\/\/speculum.labcom.ubi.pt\/wp-content\/uploads\/2022\/11\/elena1.jpg 1024w\" sizes=\"(max-width: 300px) 100vw, 300px\" \/><figcaption id=\"caption-attachment-122\" class=\"wp-caption-text\">Elena \u2013 Petra Costa<\/figcaption><\/figure>\n<figure id=\"attachment_121\" aria-describedby=\"caption-attachment-121\" style=\"width: 300px\" class=\"wp-caption alignnone\"><img loading=\"lazy\" decoding=\"async\" class=\"size-medium wp-image-121\" src=\"https:\/\/speculum.labcom.ubi.pt\/wp-content\/uploads\/2022\/11\/eleko2-300x169.jpg\" alt=\"Elek\u00f4 \u2013 Coletivo Mulheres de Pedra\" width=\"300\" height=\"169\" srcset=\"https:\/\/speculum.labcom.ubi.pt\/wp-content\/uploads\/2022\/11\/eleko2-300x169.jpg 300w, https:\/\/speculum.labcom.ubi.pt\/wp-content\/uploads\/2022\/11\/eleko2-1024x576.jpg 1024w, https:\/\/speculum.labcom.ubi.pt\/wp-content\/uploads\/2022\/11\/eleko2-768x432.jpg 768w, https:\/\/speculum.labcom.ubi.pt\/wp-content\/uploads\/2022\/11\/eleko2.jpg 1280w\" sizes=\"(max-width: 300px) 100vw, 300px\" \/><figcaption id=\"caption-attachment-121\" class=\"wp-caption-text\">Elek\u00f4 \u2013 Coletivo Mulheres de Pedra<\/figcaption><\/figure>\n<figure id=\"attachment_120\" aria-describedby=\"caption-attachment-120\" style=\"width: 300px\" class=\"wp-caption alignnone\"><img loading=\"lazy\" decoding=\"async\" class=\"size-medium wp-image-120\" src=\"https:\/\/speculum.labcom.ubi.pt\/wp-content\/uploads\/2022\/11\/eleko-300x137.webp\" alt=\"Elek\u00f4 \u2013 Coletivo Mulheres de Pedra\" width=\"300\" height=\"137\" srcset=\"https:\/\/speculum.labcom.ubi.pt\/wp-content\/uploads\/2022\/11\/eleko-300x137.webp 300w, https:\/\/speculum.labcom.ubi.pt\/wp-content\/uploads\/2022\/11\/eleko-1024x468.webp 1024w, https:\/\/speculum.labcom.ubi.pt\/wp-content\/uploads\/2022\/11\/eleko-768x351.webp 768w, https:\/\/speculum.labcom.ubi.pt\/wp-content\/uploads\/2022\/11\/eleko.webp 1224w\" sizes=\"(max-width: 300px) 100vw, 300px\" \/><figcaption id=\"caption-attachment-120\" class=\"wp-caption-text\">Elek\u00f4 \u2013 Coletivo Mulheres de Pedra<\/figcaption><\/figure>\n<figure id=\"attachment_119\" aria-describedby=\"caption-attachment-119\" style=\"width: 300px\" class=\"wp-caption alignnone\"><img loading=\"lazy\" decoding=\"async\" class=\"size-medium wp-image-119\" src=\"https:\/\/speculum.labcom.ubi.pt\/wp-content\/uploads\/2022\/11\/eleko-300x137.jpg\" alt=\"Elek\u00f4 \u2013 Coletivo Mulheres de Pedra\" width=\"300\" height=\"137\" srcset=\"https:\/\/speculum.labcom.ubi.pt\/wp-content\/uploads\/2022\/11\/eleko-300x137.jpg 300w, https:\/\/speculum.labcom.ubi.pt\/wp-content\/uploads\/2022\/11\/eleko-1024x468.jpg 1024w, https:\/\/speculum.labcom.ubi.pt\/wp-content\/uploads\/2022\/11\/eleko-768x351.jpg 768w, https:\/\/speculum.labcom.ubi.pt\/wp-content\/uploads\/2022\/11\/eleko.jpg 1224w\" sizes=\"(max-width: 300px) 100vw, 300px\" \/><figcaption id=\"caption-attachment-119\" class=\"wp-caption-text\">Elek\u00f4 \u2013 Coletivo Mulheres de Pedra<\/figcaption><\/figure>\n<figure id=\"attachment_115\" aria-describedby=\"caption-attachment-115\" style=\"width: 300px\" class=\"wp-caption alignnone\"><img loading=\"lazy\" decoding=\"async\" class=\"size-medium wp-image-115\" src=\"https:\/\/speculum.labcom.ubi.pt\/wp-content\/uploads\/2022\/11\/diariodeumabusca1-300x206.jpg\" alt=\"Di\u00e1rio de Uma Busca \u2013 Fl\u00e1via Castro\" width=\"300\" height=\"206\" srcset=\"https:\/\/speculum.labcom.ubi.pt\/wp-content\/uploads\/2022\/11\/diariodeumabusca1-300x206.jpg 300w, https:\/\/speculum.labcom.ubi.pt\/wp-content\/uploads\/2022\/11\/diariodeumabusca1.jpg 600w\" sizes=\"(max-width: 300px) 100vw, 300px\" \/><figcaption id=\"caption-attachment-115\" class=\"wp-caption-text\">Di\u00e1rio de Uma Busca \u2013 Fl\u00e1via Castro<\/figcaption><\/figure>\n<figure id=\"attachment_114\" aria-describedby=\"caption-attachment-114\" style=\"width: 300px\" class=\"wp-caption alignnone\"><img loading=\"lazy\" decoding=\"async\" class=\"size-medium wp-image-114\" src=\"https:\/\/speculum.labcom.ubi.pt\/wp-content\/uploads\/2022\/11\/diariodesintra2-300x200.jpg\" alt=\"Di\u00e1rio de Sintra \u2013 Paula Gait\u00e1n\" width=\"300\" height=\"200\" srcset=\"https:\/\/speculum.labcom.ubi.pt\/wp-content\/uploads\/2022\/11\/diariodesintra2-300x200.jpg 300w, https:\/\/speculum.labcom.ubi.pt\/wp-content\/uploads\/2022\/11\/diariodesintra2-768x512.jpg 768w, https:\/\/speculum.labcom.ubi.pt\/wp-content\/uploads\/2022\/11\/diariodesintra2.jpg 800w\" sizes=\"(max-width: 300px) 100vw, 300px\" \/><figcaption id=\"caption-attachment-114\" class=\"wp-caption-text\">Di\u00e1rio de Sintra \u2013 Paula Gait\u00e1n<\/figcaption><\/figure>\n<figure id=\"attachment_118\" aria-describedby=\"caption-attachment-118\" style=\"width: 300px\" class=\"wp-caption alignnone\"><img loading=\"lazy\" decoding=\"async\" class=\"wp-image-118 size-medium\" src=\"https:\/\/speculum.labcom.ubi.pt\/wp-content\/uploads\/2022\/11\/donavilma2-300x200.webp\" alt=\"Dona Vilma \u2013 Vanessa Santos de Oliveira\" width=\"300\" height=\"200\" srcset=\"https:\/\/speculum.labcom.ubi.pt\/wp-content\/uploads\/2022\/11\/donavilma2-300x200.webp 300w, https:\/\/speculum.labcom.ubi.pt\/wp-content\/uploads\/2022\/11\/donavilma2-768x512.webp 768w, https:\/\/speculum.labcom.ubi.pt\/wp-content\/uploads\/2022\/11\/donavilma2.webp 984w\" sizes=\"(max-width: 300px) 100vw, 300px\" \/><figcaption id=\"caption-attachment-118\" class=\"wp-caption-text\">Dona Vilma \u2013 Vanessa Santos de Oliveira<\/figcaption><\/figure>\n<figure id=\"attachment_117\" aria-describedby=\"caption-attachment-117\" style=\"width: 300px\" class=\"wp-caption alignnone\"><img loading=\"lazy\" decoding=\"async\" class=\"wp-image-117 size-medium\" src=\"https:\/\/speculum.labcom.ubi.pt\/wp-content\/uploads\/2022\/11\/donavilma-300x203.jpg\" alt=\"Dona Vilma \u2013 Vanessa Santos de Oliveira\" width=\"300\" height=\"203\" srcset=\"https:\/\/speculum.labcom.ubi.pt\/wp-content\/uploads\/2022\/11\/donavilma-300x203.jpg 300w, https:\/\/speculum.labcom.ubi.pt\/wp-content\/uploads\/2022\/11\/donavilma-1024x692.jpg 1024w, https:\/\/speculum.labcom.ubi.pt\/wp-content\/uploads\/2022\/11\/donavilma-768x519.jpg 768w, https:\/\/speculum.labcom.ubi.pt\/wp-content\/uploads\/2022\/11\/donavilma.jpg 1200w\" sizes=\"(max-width: 300px) 100vw, 300px\" \/><figcaption id=\"caption-attachment-117\" class=\"wp-caption-text\">Dona Vilma \u2013 Vanessa Santos de Oliveira<\/figcaption><\/figure>\n<figure id=\"attachment_116\" aria-describedby=\"caption-attachment-116\" style=\"width: 300px\" class=\"wp-caption alignnone\"><img loading=\"lazy\" decoding=\"async\" class=\"size-medium wp-image-116\" src=\"https:\/\/speculum.labcom.ubi.pt\/wp-content\/uploads\/2022\/11\/diariodeumabusca2-300x169.jpg\" alt=\"Di\u00e1rio de Uma Busca \u2013 Fl\u00e1via Castro\" width=\"300\" height=\"169\" srcset=\"https:\/\/speculum.labcom.ubi.pt\/wp-content\/uploads\/2022\/11\/diariodeumabusca2-300x169.jpg 300w, https:\/\/speculum.labcom.ubi.pt\/wp-content\/uploads\/2022\/11\/diariodeumabusca2.jpg 720w\" sizes=\"(max-width: 300px) 100vw, 300px\" \/><figcaption id=\"caption-attachment-116\" class=\"wp-caption-text\">Di\u00e1rio de Uma Busca \u2013 Fl\u00e1via Castro<\/figcaption><\/figure>\n<figure id=\"attachment_113\" aria-describedby=\"caption-attachment-113\" style=\"width: 300px\" class=\"wp-caption alignnone\"><img loading=\"lazy\" decoding=\"async\" class=\"size-medium wp-image-113\" src=\"https:\/\/speculum.labcom.ubi.pt\/wp-content\/uploads\/2022\/11\/dia\u0301riodesintra-300x200.jpg\" alt=\"Di\u00e1rio de Sintra \u2013 Paula Gait\u00e1n\" width=\"300\" height=\"200\" srcset=\"https:\/\/speculum.labcom.ubi.pt\/wp-content\/uploads\/2022\/11\/dia\u0301riodesintra-300x200.jpg 300w, https:\/\/speculum.labcom.ubi.pt\/wp-content\/uploads\/2022\/11\/dia\u0301riodesintra-768x512.jpg 768w, https:\/\/speculum.labcom.ubi.pt\/wp-content\/uploads\/2022\/11\/dia\u0301riodesintra.jpg 906w\" sizes=\"(max-width: 300px) 100vw, 300px\" \/><figcaption id=\"caption-attachment-113\" class=\"wp-caption-text\">Di\u00e1rio de Sintra \u2013 Paula Gait\u00e1n<\/figcaption><\/figure>\n<figure id=\"attachment_112\" aria-describedby=\"caption-attachment-112\" style=\"width: 300px\" class=\"wp-caption alignnone\"><img loading=\"lazy\" decoding=\"async\" class=\"wp-image-112 size-medium\" src=\"https:\/\/speculum.labcom.ubi.pt\/wp-content\/uploads\/2022\/11\/democraciaemvertigem2-300x169.jpg\" alt=\"Democracia em Vertigem \u2013 Petra Costa\" width=\"300\" height=\"169\" srcset=\"https:\/\/speculum.labcom.ubi.pt\/wp-content\/uploads\/2022\/11\/democraciaemvertigem2-300x169.jpg 300w, https:\/\/speculum.labcom.ubi.pt\/wp-content\/uploads\/2022\/11\/democraciaemvertigem2-1024x576.jpg 1024w, https:\/\/speculum.labcom.ubi.pt\/wp-content\/uploads\/2022\/11\/democraciaemvertigem2-768x432.jpg 768w, https:\/\/speculum.labcom.ubi.pt\/wp-content\/uploads\/2022\/11\/democraciaemvertigem2.jpg 1200w\" sizes=\"(max-width: 300px) 100vw, 300px\" \/><figcaption id=\"caption-attachment-112\" class=\"wp-caption-text\">Democracia em Vertigem \u2013 Petra Costa<\/figcaption><\/figure>\n<figure id=\"attachment_111\" aria-describedby=\"caption-attachment-111\" style=\"width: 300px\" class=\"wp-caption alignnone\"><img loading=\"lazy\" decoding=\"async\" class=\"wp-image-111 size-medium\" src=\"https:\/\/speculum.labcom.ubi.pt\/wp-content\/uploads\/2022\/11\/democraciaemvertigem-300x193.jpg\" alt=\"Democracia em Vertigem \u2013 Petra Costa\" width=\"300\" height=\"193\" srcset=\"https:\/\/speculum.labcom.ubi.pt\/wp-content\/uploads\/2022\/11\/democraciaemvertigem-300x193.jpg 300w, https:\/\/speculum.labcom.ubi.pt\/wp-content\/uploads\/2022\/11\/democraciaemvertigem-768x495.jpg 768w, https:\/\/speculum.labcom.ubi.pt\/wp-content\/uploads\/2022\/11\/democraciaemvertigem.jpg 860w\" sizes=\"(max-width: 300px) 100vw, 300px\" \/><figcaption id=\"caption-attachment-111\" class=\"wp-caption-text\">Democracia em Vertigem \u2013 Petra Costa<\/figcaption><\/figure>\n<figure id=\"attachment_110\" aria-describedby=\"caption-attachment-110\" style=\"width: 300px\" class=\"wp-caption alignnone\"><img loading=\"lazy\" decoding=\"async\" class=\"size-medium wp-image-110\" src=\"https:\/\/speculum.labcom.ubi.pt\/wp-content\/uploads\/2022\/11\/corpospalimpsesticos2-300x220.jpg\" alt=\"Corpos Palimps\u00e9sticos \u2013 Renata Ferraz e Fl\u00e1vio Almeida\" width=\"300\" height=\"220\" srcset=\"https:\/\/speculum.labcom.ubi.pt\/wp-content\/uploads\/2022\/11\/corpospalimpsesticos2-300x220.jpg 300w, https:\/\/speculum.labcom.ubi.pt\/wp-content\/uploads\/2022\/11\/corpospalimpsesticos2-1024x752.jpg 1024w, https:\/\/speculum.labcom.ubi.pt\/wp-content\/uploads\/2022\/11\/corpospalimpsesticos2-768x564.jpg 768w, https:\/\/speculum.labcom.ubi.pt\/wp-content\/uploads\/2022\/11\/corpospalimpsesticos2-1536x1128.jpg 1536w, https:\/\/speculum.labcom.ubi.pt\/wp-content\/uploads\/2022\/11\/corpospalimpsesticos2.jpg 1896w\" sizes=\"(max-width: 300px) 100vw, 300px\" \/><figcaption id=\"caption-attachment-110\" class=\"wp-caption-text\">Corpos Palimps\u00e9sticos \u2013 Renata Ferraz e Fl\u00e1vio Almeida<\/figcaption><\/figure>\n<figure id=\"attachment_109\" aria-describedby=\"caption-attachment-109\" style=\"width: 300px\" class=\"wp-caption alignnone\"><img loading=\"lazy\" decoding=\"async\" class=\"size-medium wp-image-109\" src=\"https:\/\/speculum.labcom.ubi.pt\/wp-content\/uploads\/2022\/11\/corpospalimpsesticos-300x132.jpg\" alt=\"Corpos Palimps\u00e9sticos \u2013 Renata Ferraz e Fl\u00e1vio Almeida\" width=\"300\" height=\"132\" srcset=\"https:\/\/speculum.labcom.ubi.pt\/wp-content\/uploads\/2022\/11\/corpospalimpsesticos-300x132.jpg 300w, https:\/\/speculum.labcom.ubi.pt\/wp-content\/uploads\/2022\/11\/corpospalimpsesticos-1024x450.jpg 1024w, https:\/\/speculum.labcom.ubi.pt\/wp-content\/uploads\/2022\/11\/corpospalimpsesticos-768x337.jpg 768w, https:\/\/speculum.labcom.ubi.pt\/wp-content\/uploads\/2022\/11\/corpospalimpsesticos.jpg 1400w\" sizes=\"(max-width: 300px) 100vw, 300px\" \/><figcaption id=\"caption-attachment-109\" class=\"wp-caption-text\">Corpos Palimps\u00e9sticos \u2013 Renata Ferraz e Fl\u00e1vio Almeida<\/figcaption><\/figure>\n<figure id=\"attachment_108\" aria-describedby=\"caption-attachment-108\" style=\"width: 300px\" class=\"wp-caption alignnone\"><img loading=\"lazy\" decoding=\"async\" class=\"size-medium wp-image-108\" src=\"https:\/\/speculum.labcom.ubi.pt\/wp-content\/uploads\/2022\/11\/contruindopontes-300x176.jpg\" alt=\"Construindo Pontes \u2013 Helo\u00edsa Passos\" width=\"300\" height=\"176\" srcset=\"https:\/\/speculum.labcom.ubi.pt\/wp-content\/uploads\/2022\/11\/contruindopontes-300x176.jpg 300w, https:\/\/speculum.labcom.ubi.pt\/wp-content\/uploads\/2022\/11\/contruindopontes.jpg 480w\" sizes=\"(max-width: 300px) 100vw, 300px\" \/><figcaption id=\"caption-attachment-108\" class=\"wp-caption-text\">Construindo Pontes \u2013 Helo\u00edsa Passos<\/figcaption><\/figure>\n<figure id=\"attachment_107\" aria-describedby=\"caption-attachment-107\" style=\"width: 300px\" class=\"wp-caption alignnone\"><img loading=\"lazy\" decoding=\"async\" class=\"size-medium wp-image-107\" src=\"https:\/\/speculum.labcom.ubi.pt\/wp-content\/uploads\/2022\/11\/construindopontes2-300x149.webp\" alt=\"Construindo Pontes \u2013 Helo\u00edsa Passos\" width=\"300\" height=\"149\" srcset=\"https:\/\/speculum.labcom.ubi.pt\/wp-content\/uploads\/2022\/11\/construindopontes2-300x149.webp 300w, https:\/\/speculum.labcom.ubi.pt\/wp-content\/uploads\/2022\/11\/construindopontes2-768x382.webp 768w, https:\/\/speculum.labcom.ubi.pt\/wp-content\/uploads\/2022\/11\/construindopontes2.webp 1024w\" sizes=\"(max-width: 300px) 100vw, 300px\" \/><figcaption id=\"caption-attachment-107\" class=\"wp-caption-text\">Construindo Pontes \u2013 Helo\u00edsa Passos<\/figcaption><\/figure>\n<figure id=\"attachment_106\" aria-describedby=\"caption-attachment-106\" style=\"width: 300px\" class=\"wp-caption alignnone\"><img loading=\"lazy\" decoding=\"async\" class=\"size-medium wp-image-106\" src=\"https:\/\/speculum.labcom.ubi.pt\/wp-content\/uploads\/2022\/11\/construcao2-300x169.jpg\" alt=\"Constru\u00e7\u00e3o \u2013 Carolina S\u00e1\" width=\"300\" height=\"169\" srcset=\"https:\/\/speculum.labcom.ubi.pt\/wp-content\/uploads\/2022\/11\/construcao2-300x169.jpg 300w, https:\/\/speculum.labcom.ubi.pt\/wp-content\/uploads\/2022\/11\/construcao2-1024x576.jpg 1024w, https:\/\/speculum.labcom.ubi.pt\/wp-content\/uploads\/2022\/11\/construcao2-768x432.jpg 768w, https:\/\/speculum.labcom.ubi.pt\/wp-content\/uploads\/2022\/11\/construcao2-1536x863.jpg 1536w, https:\/\/speculum.labcom.ubi.pt\/wp-content\/uploads\/2022\/11\/construcao2.jpg 2048w\" sizes=\"(max-width: 300px) 100vw, 300px\" \/><figcaption id=\"caption-attachment-106\" class=\"wp-caption-text\">Constru\u00e7\u00e3o \u2013 Carolina S\u00e1<\/figcaption><\/figure>\n<figure id=\"attachment_105\" aria-describedby=\"caption-attachment-105\" style=\"width: 300px\" class=\"wp-caption alignnone\"><img loading=\"lazy\" decoding=\"async\" class=\"size-medium wp-image-105\" src=\"https:\/\/speculum.labcom.ubi.pt\/wp-content\/uploads\/2022\/11\/construc\u0327ao-300x169.jpg\" alt=\"Constru\u00e7\u00e3o \u2013 Carolina S\u00e1\" width=\"300\" height=\"169\" srcset=\"https:\/\/speculum.labcom.ubi.pt\/wp-content\/uploads\/2022\/11\/construc\u0327ao-300x169.jpg 300w, https:\/\/speculum.labcom.ubi.pt\/wp-content\/uploads\/2022\/11\/construc\u0327ao-1024x576.jpg 1024w, https:\/\/speculum.labcom.ubi.pt\/wp-content\/uploads\/2022\/11\/construc\u0327ao-768x432.jpg 768w, https:\/\/speculum.labcom.ubi.pt\/wp-content\/uploads\/2022\/11\/construc\u0327ao-1536x863.jpg 1536w, https:\/\/speculum.labcom.ubi.pt\/wp-content\/uploads\/2022\/11\/construc\u0327ao.jpg 2048w\" sizes=\"(max-width: 300px) 100vw, 300px\" \/><figcaption id=\"caption-attachment-105\" class=\"wp-caption-text\">Constru\u00e7\u00e3o \u2013 Carolina S\u00e1<\/figcaption><\/figure>\n<figure id=\"attachment_104\" aria-describedby=\"caption-attachment-104\" style=\"width: 300px\" class=\"wp-caption alignnone\"><img loading=\"lazy\" decoding=\"async\" class=\"size-medium wp-image-104\" src=\"https:\/\/speculum.labcom.ubi.pt\/wp-content\/uploads\/2022\/11\/comezainas2-300x169.jpg\" alt=\"Comezainas \u2013 Mafalda Salgueiro\" width=\"300\" height=\"169\" srcset=\"https:\/\/speculum.labcom.ubi.pt\/wp-content\/uploads\/2022\/11\/comezainas2-300x169.jpg 300w, https:\/\/speculum.labcom.ubi.pt\/wp-content\/uploads\/2022\/11\/comezainas2-1024x576.jpg 1024w, https:\/\/speculum.labcom.ubi.pt\/wp-content\/uploads\/2022\/11\/comezainas2-768x432.jpg 768w, https:\/\/speculum.labcom.ubi.pt\/wp-content\/uploads\/2022\/11\/comezainas2.jpg 1280w\" sizes=\"(max-width: 300px) 100vw, 300px\" \/><figcaption id=\"caption-attachment-104\" class=\"wp-caption-text\">Comezainas \u2013 Mafalda Salgueiro<\/figcaption><\/figure>\n<figure id=\"attachment_103\" aria-describedby=\"caption-attachment-103\" style=\"width: 300px\" class=\"wp-caption alignnone\"><img loading=\"lazy\" decoding=\"async\" class=\"size-medium wp-image-103\" src=\"https:\/\/speculum.labcom.ubi.pt\/wp-content\/uploads\/2022\/11\/comezainas-300x162.jpg\" alt=\"Comezainas \u2013 Mafalda Salgueiro\" width=\"300\" height=\"162\" srcset=\"https:\/\/speculum.labcom.ubi.pt\/wp-content\/uploads\/2022\/11\/comezainas-300x162.jpg 300w, https:\/\/speculum.labcom.ubi.pt\/wp-content\/uploads\/2022\/11\/comezainas-768x415.jpg 768w, https:\/\/speculum.labcom.ubi.pt\/wp-content\/uploads\/2022\/11\/comezainas.jpg 840w\" sizes=\"(max-width: 300px) 100vw, 300px\" \/><figcaption id=\"caption-attachment-103\" class=\"wp-caption-text\">Comezainas \u2013 Mafalda Salgueiro<\/figcaption><\/figure>\n<figure id=\"attachment_102\" aria-describedby=\"caption-attachment-102\" style=\"width: 300px\" class=\"wp-caption alignnone\"><img loading=\"lazy\" decoding=\"async\" class=\"size-medium wp-image-102\" src=\"https:\/\/speculum.labcom.ubi.pt\/wp-content\/uploads\/2022\/11\/casa2-300x162.jpg\" alt=\"Casa \u2013 Let\u00edcia Sim\u00f5es\" width=\"300\" height=\"162\" srcset=\"https:\/\/speculum.labcom.ubi.pt\/wp-content\/uploads\/2022\/11\/casa2-300x162.jpg 300w, https:\/\/speculum.labcom.ubi.pt\/wp-content\/uploads\/2022\/11\/casa2.jpg 750w\" sizes=\"(max-width: 300px) 100vw, 300px\" \/><figcaption id=\"caption-attachment-102\" class=\"wp-caption-text\">Casa \u2013 Let\u00edcia Sim\u00f5es<\/figcaption><\/figure>\n<figure id=\"attachment_101\" aria-describedby=\"caption-attachment-101\" style=\"width: 300px\" class=\"wp-caption alignnone\"><img loading=\"lazy\" decoding=\"async\" class=\"size-medium wp-image-101\" src=\"https:\/\/speculum.labcom.ubi.pt\/wp-content\/uploads\/2022\/11\/casa-300x169.jpg\" alt=\"Casa \u2013 Let\u00edcia Sim\u00f5es\" width=\"300\" height=\"169\" srcset=\"https:\/\/speculum.labcom.ubi.pt\/wp-content\/uploads\/2022\/11\/casa-300x169.jpg 300w, https:\/\/speculum.labcom.ubi.pt\/wp-content\/uploads\/2022\/11\/casa-1024x576.jpg 1024w, https:\/\/speculum.labcom.ubi.pt\/wp-content\/uploads\/2022\/11\/casa-768x432.jpg 768w, https:\/\/speculum.labcom.ubi.pt\/wp-content\/uploads\/2022\/11\/casa-1536x864.jpg 1536w, https:\/\/speculum.labcom.ubi.pt\/wp-content\/uploads\/2022\/11\/casa.jpg 1920w\" sizes=\"(max-width: 300px) 100vw, 300px\" \/><figcaption id=\"caption-attachment-101\" class=\"wp-caption-text\">Casa \u2013 Let\u00edcia Sim\u00f5es<\/figcaption><\/figure>\n<figure id=\"attachment_100\" aria-describedby=\"caption-attachment-100\" style=\"width: 300px\" class=\"wp-caption alignnone\"><img loading=\"lazy\" decoding=\"async\" class=\"wp-image-100 size-medium\" src=\"https:\/\/speculum.labcom.ubi.pt\/wp-content\/uploads\/2022\/11\/brennand2-300x169.jpg\" alt=\"Francisco Brennand \u2013 Mariana Brennand Fortes\" width=\"300\" height=\"169\" srcset=\"https:\/\/speculum.labcom.ubi.pt\/wp-content\/uploads\/2022\/11\/brennand2-300x169.jpg 300w, https:\/\/speculum.labcom.ubi.pt\/wp-content\/uploads\/2022\/11\/brennand2-768x432.jpg 768w, https:\/\/speculum.labcom.ubi.pt\/wp-content\/uploads\/2022\/11\/brennand2.jpg 960w\" sizes=\"(max-width: 300px) 100vw, 300px\" \/><figcaption id=\"caption-attachment-100\" class=\"wp-caption-text\">Francisco Brennand \u2013 Mariana Brennand Fortes<\/figcaption><\/figure>\n<figure id=\"attachment_99\" aria-describedby=\"caption-attachment-99\" style=\"width: 300px\" class=\"wp-caption alignnone\"><img loading=\"lazy\" decoding=\"async\" class=\"wp-image-99 size-medium\" src=\"https:\/\/speculum.labcom.ubi.pt\/wp-content\/uploads\/2022\/11\/brennand-300x177.webp\" alt=\"Francisco Brennand \u2013 Mariana Brennand Fortes\" width=\"300\" height=\"177\" srcset=\"https:\/\/speculum.labcom.ubi.pt\/wp-content\/uploads\/2022\/11\/brennand-300x177.webp 300w, https:\/\/speculum.labcom.ubi.pt\/wp-content\/uploads\/2022\/11\/brennand-768x452.webp 768w, https:\/\/speculum.labcom.ubi.pt\/wp-content\/uploads\/2022\/11\/brennand.webp 984w\" sizes=\"(max-width: 300px) 100vw, 300px\" \/><figcaption id=\"caption-attachment-99\" class=\"wp-caption-text\">Francisco Brennand \u2013 Mariana Brennand Fortes<\/figcaption><\/figure>\n<figure id=\"attachment_98\" aria-describedby=\"caption-attachment-98\" style=\"width: 300px\" class=\"wp-caption alignnone\"><img loading=\"lazy\" decoding=\"async\" class=\"wp-image-98 size-medium\" src=\"https:\/\/speculum.labcom.ubi.pt\/wp-content\/uploads\/2022\/11\/borscht2-300x169.jpg\" alt=\"Borsch: Uma Receita Russa \u2013 Marina Quintanilha\" width=\"300\" height=\"169\" srcset=\"https:\/\/speculum.labcom.ubi.pt\/wp-content\/uploads\/2022\/11\/borscht2-300x169.jpg 300w, https:\/\/speculum.labcom.ubi.pt\/wp-content\/uploads\/2022\/11\/borscht2.jpg 720w\" sizes=\"(max-width: 300px) 100vw, 300px\" \/><figcaption id=\"caption-attachment-98\" class=\"wp-caption-text\">Borsch: Uma Receita Russa \u2013 Marina Quintanilha<\/figcaption><\/figure>\n<figure id=\"attachment_97\" aria-describedby=\"caption-attachment-97\" style=\"width: 300px\" class=\"wp-caption alignnone\"><img loading=\"lazy\" decoding=\"async\" class=\"wp-image-97 size-medium\" src=\"https:\/\/speculum.labcom.ubi.pt\/wp-content\/uploads\/2022\/11\/borscht-300x169.webp\" alt=\"Borsch: Uma Receita Russa \u2013 Marina Quintanilha\" width=\"300\" height=\"169\" srcset=\"https:\/\/speculum.labcom.ubi.pt\/wp-content\/uploads\/2022\/11\/borscht-300x169.webp 300w, https:\/\/speculum.labcom.ubi.pt\/wp-content\/uploads\/2022\/11\/borscht-1024x576.webp 1024w, https:\/\/speculum.labcom.ubi.pt\/wp-content\/uploads\/2022\/11\/borscht-768x432.webp 768w, https:\/\/speculum.labcom.ubi.pt\/wp-content\/uploads\/2022\/11\/borscht.webp 1200w\" sizes=\"(max-width: 300px) 100vw, 300px\" \/><figcaption id=\"caption-attachment-97\" class=\"wp-caption-text\">Borsch: Uma Receita Russa \u2013 Marina Quintanilha<\/figcaption><\/figure>\n<figure id=\"attachment_96\" aria-describedby=\"caption-attachment-96\" style=\"width: 300px\" class=\"wp-caption alignnone\"><img loading=\"lazy\" decoding=\"async\" class=\"size-medium wp-image-96\" src=\"https:\/\/speculum.labcom.ubi.pt\/wp-content\/uploads\/2022\/11\/boderline-300x169.jpg\" alt=\"Boderline \u2013 Leonor Rocha Oliveira\" width=\"300\" height=\"169\" srcset=\"https:\/\/speculum.labcom.ubi.pt\/wp-content\/uploads\/2022\/11\/boderline-300x169.jpg 300w, https:\/\/speculum.labcom.ubi.pt\/wp-content\/uploads\/2022\/11\/boderline.jpg 400w\" sizes=\"(max-width: 300px) 100vw, 300px\" \/><figcaption id=\"caption-attachment-96\" class=\"wp-caption-text\">Boderline \u2013 Leonor Rocha Oliveira<\/figcaption><\/figure>\n<figure id=\"attachment_95\" aria-describedby=\"caption-attachment-95\" style=\"width: 300px\" class=\"wp-caption alignnone\"><img loading=\"lazy\" decoding=\"async\" class=\"size-medium wp-image-95\" src=\"https:\/\/speculum.labcom.ubi.pt\/wp-content\/uploads\/2022\/11\/bixatravesty2-300x160.jpg\" alt=\"Bixa Travesty \u2013 Claudia Priscilla e Kiko Goifman\" width=\"300\" height=\"160\" srcset=\"https:\/\/speculum.labcom.ubi.pt\/wp-content\/uploads\/2022\/11\/bixatravesty2-300x160.jpg 300w, https:\/\/speculum.labcom.ubi.pt\/wp-content\/uploads\/2022\/11\/bixatravesty2-768x410.jpg 768w, https:\/\/speculum.labcom.ubi.pt\/wp-content\/uploads\/2022\/11\/bixatravesty2.jpg 953w\" sizes=\"(max-width: 300px) 100vw, 300px\" \/><figcaption id=\"caption-attachment-95\" class=\"wp-caption-text\">Bixa Travesty \u2013 Claudia Priscilla e Kiko Goifman<\/figcaption><\/figure>\n<figure id=\"attachment_94\" aria-describedby=\"caption-attachment-94\" style=\"width: 300px\" class=\"wp-caption alignnone\"><img loading=\"lazy\" decoding=\"async\" class=\"size-medium wp-image-94\" src=\"https:\/\/speculum.labcom.ubi.pt\/wp-content\/uploads\/2022\/11\/bixatravesty-300x195.jpg\" alt=\"Bixa Travesty \u2013 Claudia Priscilla e Kiko Goifman\" width=\"300\" height=\"195\" srcset=\"https:\/\/speculum.labcom.ubi.pt\/wp-content\/uploads\/2022\/11\/bixatravesty-300x195.jpg 300w, https:\/\/speculum.labcom.ubi.pt\/wp-content\/uploads\/2022\/11\/bixatravesty-768x499.jpg 768w, https:\/\/speculum.labcom.ubi.pt\/wp-content\/uploads\/2022\/11\/bixatravesty.jpg 905w\" sizes=\"(max-width: 300px) 100vw, 300px\" \/><figcaption id=\"caption-attachment-94\" class=\"wp-caption-text\">Bixa Travesty \u2013 Claudia Priscilla e Kiko Goifman<\/figcaption><\/figure>\n<figure id=\"attachment_93\" aria-describedby=\"caption-attachment-93\" style=\"width: 300px\" class=\"wp-caption alignnone\"><img loading=\"lazy\" decoding=\"async\" class=\"size-medium wp-image-93\" src=\"https:\/\/speculum.labcom.ubi.pt\/wp-content\/uploads\/2022\/11\/baladadeumbatraquio2-300x213.jpg\" alt=\"Balada de um Batr\u00e1quio \u2013 Leonor Teles\" width=\"300\" height=\"213\" srcset=\"https:\/\/speculum.labcom.ubi.pt\/wp-content\/uploads\/2022\/11\/baladadeumbatraquio2-300x213.jpg 300w, https:\/\/speculum.labcom.ubi.pt\/wp-content\/uploads\/2022\/11\/baladadeumbatraquio2-1024x728.jpg 1024w, https:\/\/speculum.labcom.ubi.pt\/wp-content\/uploads\/2022\/11\/baladadeumbatraquio2-768x546.jpg 768w, https:\/\/speculum.labcom.ubi.pt\/wp-content\/uploads\/2022\/11\/baladadeumbatraquio2-1536x1092.jpg 1536w, https:\/\/speculum.labcom.ubi.pt\/wp-content\/uploads\/2022\/11\/baladadeumbatraquio2-2048x1456.jpg 2048w\" sizes=\"(max-width: 300px) 100vw, 300px\" \/><figcaption id=\"caption-attachment-93\" class=\"wp-caption-text\">Balada de um Batr\u00e1quio \u2013 Leonor Teles<\/figcaption><\/figure>\n<figure id=\"attachment_92\" aria-describedby=\"caption-attachment-92\" style=\"width: 300px\" class=\"wp-caption alignnone\"><img loading=\"lazy\" decoding=\"async\" class=\"size-medium wp-image-92\" src=\"https:\/\/speculum.labcom.ubi.pt\/wp-content\/uploads\/2022\/11\/baladadeumbatraquio-300x213.jpg\" alt=\"Balada de um Batr\u00e1quio \u2013 Leonor Teles\" width=\"300\" height=\"213\" srcset=\"https:\/\/speculum.labcom.ubi.pt\/wp-content\/uploads\/2022\/11\/baladadeumbatraquio-300x213.jpg 300w, https:\/\/speculum.labcom.ubi.pt\/wp-content\/uploads\/2022\/11\/baladadeumbatraquio-1024x728.jpg 1024w, https:\/\/speculum.labcom.ubi.pt\/wp-content\/uploads\/2022\/11\/baladadeumbatraquio-768x546.jpg 768w, https:\/\/speculum.labcom.ubi.pt\/wp-content\/uploads\/2022\/11\/baladadeumbatraquio-1536x1092.jpg 1536w, https:\/\/speculum.labcom.ubi.pt\/wp-content\/uploads\/2022\/11\/baladadeumbatraquio-2048x1456.jpg 2048w\" sizes=\"(max-width: 300px) 100vw, 300px\" \/><figcaption id=\"caption-attachment-92\" class=\"wp-caption-text\">Balada de um Batr\u00e1quio \u2013 Leonor Teles<\/figcaption><\/figure>\n<figure id=\"attachment_91\" aria-describedby=\"caption-attachment-91\" style=\"width: 300px\" class=\"wp-caption alignnone\"><img loading=\"lazy\" decoding=\"async\" class=\"wp-image-91 size-medium\" src=\"https:\/\/speculum.labcom.ubi.pt\/wp-content\/uploads\/2022\/11\/baba\u0301s2-300x225.jpg\" alt=\"Bab\u00e1s \u2013 Consuelo Lins\" width=\"300\" height=\"225\" srcset=\"https:\/\/speculum.labcom.ubi.pt\/wp-content\/uploads\/2022\/11\/baba\u0301s2-300x225.jpg 300w, https:\/\/speculum.labcom.ubi.pt\/wp-content\/uploads\/2022\/11\/baba\u0301s2.jpg 480w\" sizes=\"(max-width: 300px) 100vw, 300px\" \/><figcaption id=\"caption-attachment-91\" class=\"wp-caption-text\">Bab\u00e1s \u2013 Consuelo Lins<\/figcaption><\/figure>\n<figure id=\"attachment_90\" aria-describedby=\"caption-attachment-90\" style=\"width: 300px\" class=\"wp-caption alignnone\"><img loading=\"lazy\" decoding=\"async\" class=\"wp-image-90 size-medium\" src=\"https:\/\/speculum.labcom.ubi.pt\/wp-content\/uploads\/2022\/11\/baba\u0301s-300x169.jpg\" alt=\"Bab\u00e1s \u2013 Consuelo Lins\" width=\"300\" height=\"169\" srcset=\"https:\/\/speculum.labcom.ubi.pt\/wp-content\/uploads\/2022\/11\/baba\u0301s-300x169.jpg 300w, https:\/\/speculum.labcom.ubi.pt\/wp-content\/uploads\/2022\/11\/baba\u0301s-1024x576.jpg 1024w, https:\/\/speculum.labcom.ubi.pt\/wp-content\/uploads\/2022\/11\/baba\u0301s-768x432.jpg 768w, https:\/\/speculum.labcom.ubi.pt\/wp-content\/uploads\/2022\/11\/baba\u0301s.jpg 1280w\" sizes=\"(max-width: 300px) 100vw, 300px\" \/><figcaption id=\"caption-attachment-90\" class=\"wp-caption-text\">Bab\u00e1s \u2013 Consuelo Lins<\/figcaption><\/figure>\n<figure id=\"attachment_89\" aria-describedby=\"caption-attachment-89\" style=\"width: 300px\" class=\"wp-caption alignnone\"><img loading=\"lazy\" decoding=\"async\" class=\"size-medium wp-image-89\" src=\"https:\/\/speculum.labcom.ubi.pt\/wp-content\/uploads\/2022\/11\/atocadolobo2-300x151.png\" alt=\"A Toca do Lobo \u2013 Catarina Mour\u00e3o\" width=\"300\" height=\"151\" srcset=\"https:\/\/speculum.labcom.ubi.pt\/wp-content\/uploads\/2022\/11\/atocadolobo2-300x151.png 300w, https:\/\/speculum.labcom.ubi.pt\/wp-content\/uploads\/2022\/11\/atocadolobo2-1024x516.png 1024w, https:\/\/speculum.labcom.ubi.pt\/wp-content\/uploads\/2022\/11\/atocadolobo2-768x387.png 768w, https:\/\/speculum.labcom.ubi.pt\/wp-content\/uploads\/2022\/11\/atocadolobo2.png 1360w\" sizes=\"(max-width: 300px) 100vw, 300px\" \/><figcaption id=\"caption-attachment-89\" class=\"wp-caption-text\">A Toca do Lobo \u2013 Catarina Mour\u00e3o<\/figcaption><\/figure>\n<figure id=\"attachment_88\" aria-describedby=\"caption-attachment-88\" style=\"width: 300px\" class=\"wp-caption alignnone\"><img loading=\"lazy\" decoding=\"async\" class=\"size-medium wp-image-88\" src=\"https:\/\/speculum.labcom.ubi.pt\/wp-content\/uploads\/2022\/11\/atocadolobo-300x151.png\" alt=\"A Toca do Lobo \u2013 Catarina Mour\u00e3o\" width=\"300\" height=\"151\" srcset=\"https:\/\/speculum.labcom.ubi.pt\/wp-content\/uploads\/2022\/11\/atocadolobo-300x151.png 300w, https:\/\/speculum.labcom.ubi.pt\/wp-content\/uploads\/2022\/11\/atocadolobo-1024x516.png 1024w, https:\/\/speculum.labcom.ubi.pt\/wp-content\/uploads\/2022\/11\/atocadolobo-768x387.png 768w, https:\/\/speculum.labcom.ubi.pt\/wp-content\/uploads\/2022\/11\/atocadolobo.png 1360w\" sizes=\"(max-width: 300px) 100vw, 300px\" \/><figcaption id=\"caption-attachment-88\" class=\"wp-caption-text\">A Toca do Lobo \u2013 Catarina Mour\u00e3o<\/figcaption><\/figure>\n<figure id=\"attachment_87\" aria-describedby=\"caption-attachment-87\" style=\"width: 300px\" class=\"wp-caption alignnone\"><img loading=\"lazy\" decoding=\"async\" class=\"size-medium wp-image-87\" src=\"https:\/\/speculum.labcom.ubi.pt\/wp-content\/uploads\/2022\/11\/ateoceulevamaisoumenos15minutos2-300x192.jpg\" alt=\"At\u00e9 o c\u00e9u leva mais ou menos 15 minutos \u2013 Camila Battistetti\" width=\"300\" height=\"192\" srcset=\"https:\/\/speculum.labcom.ubi.pt\/wp-content\/uploads\/2022\/11\/ateoceulevamaisoumenos15minutos2-300x192.jpg 300w, https:\/\/speculum.labcom.ubi.pt\/wp-content\/uploads\/2022\/11\/ateoceulevamaisoumenos15minutos2.jpg 570w\" sizes=\"(max-width: 300px) 100vw, 300px\" \/><figcaption id=\"caption-attachment-87\" class=\"wp-caption-text\">At\u00e9 o c\u00e9u leva mais ou menos 15 minutos \u2013 Camila Battistetti<\/figcaption><\/figure>\n<figure id=\"attachment_86\" aria-describedby=\"caption-attachment-86\" style=\"width: 300px\" class=\"wp-caption alignnone\"><img loading=\"lazy\" decoding=\"async\" class=\"size-medium wp-image-86\" src=\"https:\/\/speculum.labcom.ubi.pt\/wp-content\/uploads\/2022\/11\/ateoceulevamaisoumenos15minutos-300x166.jpg\" alt=\"At\u00e9 o c\u00e9u leva mais ou menos 15 minutos \u2013 Camila Battistetti\" width=\"300\" height=\"166\" srcset=\"https:\/\/speculum.labcom.ubi.pt\/wp-content\/uploads\/2022\/11\/ateoceulevamaisoumenos15minutos-300x166.jpg 300w, https:\/\/speculum.labcom.ubi.pt\/wp-content\/uploads\/2022\/11\/ateoceulevamaisoumenos15minutos.jpg 570w\" sizes=\"(max-width: 300px) 100vw, 300px\" \/><figcaption id=\"caption-attachment-86\" class=\"wp-caption-text\">At\u00e9 o c\u00e9u leva mais ou menos 15 minutos \u2013 Camila Battistetti<\/figcaption><\/figure>\n<figure id=\"attachment_85\" aria-describedby=\"caption-attachment-85\" style=\"width: 300px\" class=\"wp-caption alignnone\"><img loading=\"lazy\" decoding=\"async\" class=\"size-medium wp-image-85\" src=\"https:\/\/speculum.labcom.ubi.pt\/wp-content\/uploads\/2022\/11\/arpoador2-300x169.jpeg\" alt=\"Arpoador \u2013 Ana Costa Ribeiro\" width=\"300\" height=\"169\" srcset=\"https:\/\/speculum.labcom.ubi.pt\/wp-content\/uploads\/2022\/11\/arpoador2-300x169.jpeg 300w, https:\/\/speculum.labcom.ubi.pt\/wp-content\/uploads\/2022\/11\/arpoador2-1024x576.jpeg 1024w, https:\/\/speculum.labcom.ubi.pt\/wp-content\/uploads\/2022\/11\/arpoador2-768x432.jpeg 768w, https:\/\/speculum.labcom.ubi.pt\/wp-content\/uploads\/2022\/11\/arpoador2-1536x864.jpeg 1536w, https:\/\/speculum.labcom.ubi.pt\/wp-content\/uploads\/2022\/11\/arpoador2.jpeg 1920w\" sizes=\"(max-width: 300px) 100vw, 300px\" \/><figcaption id=\"caption-attachment-85\" class=\"wp-caption-text\">Arpoador \u2013 Ana Costa Ribeiro<\/figcaption><\/figure>\n<figure id=\"attachment_84\" aria-describedby=\"caption-attachment-84\" style=\"width: 300px\" class=\"wp-caption alignnone\"><img loading=\"lazy\" decoding=\"async\" class=\"size-medium wp-image-84\" src=\"https:\/\/speculum.labcom.ubi.pt\/wp-content\/uploads\/2022\/11\/Arpoador-300x162.jpg\" alt=\"Arpoador \u2013 Ana Costa Ribeiro\" width=\"300\" height=\"162\" srcset=\"https:\/\/speculum.labcom.ubi.pt\/wp-content\/uploads\/2022\/11\/Arpoador-300x162.jpg 300w, https:\/\/speculum.labcom.ubi.pt\/wp-content\/uploads\/2022\/11\/Arpoador-768x415.jpg 768w, https:\/\/speculum.labcom.ubi.pt\/wp-content\/uploads\/2022\/11\/Arpoador.jpg 1000w\" sizes=\"(max-width: 300px) 100vw, 300px\" \/><figcaption id=\"caption-attachment-84\" class=\"wp-caption-text\">Arpoador \u2013 Ana Costa Ribeiro<\/figcaption><\/figure>\n<figure id=\"attachment_83\" aria-describedby=\"caption-attachment-83\" style=\"width: 300px\" class=\"wp-caption alignnone\"><img loading=\"lazy\" decoding=\"async\" class=\"size-medium wp-image-83\" src=\"https:\/\/speculum.labcom.ubi.pt\/wp-content\/uploads\/2022\/11\/armindoeacamaraescura-300x127.jpg\" alt=\"Armindo e a Camara Escura \u2013 T\u00e2nia Dinis\" width=\"300\" height=\"127\" srcset=\"https:\/\/speculum.labcom.ubi.pt\/wp-content\/uploads\/2022\/11\/armindoeacamaraescura-300x127.jpg 300w, https:\/\/speculum.labcom.ubi.pt\/wp-content\/uploads\/2022\/11\/armindoeacamaraescura-768x326.jpg 768w, https:\/\/speculum.labcom.ubi.pt\/wp-content\/uploads\/2022\/11\/armindoeacamaraescura.jpg 1000w\" sizes=\"(max-width: 300px) 100vw, 300px\" \/><figcaption id=\"caption-attachment-83\" class=\"wp-caption-text\">Armindo e a Camara Escura \u2013 T\u00e2nia Dinis<\/figcaption><\/figure>\n<figure id=\"attachment_82\" aria-describedby=\"caption-attachment-82\" style=\"width: 300px\" class=\"wp-caption alignnone\"><img loading=\"lazy\" decoding=\"async\" class=\"size-medium wp-image-82\" src=\"https:\/\/speculum.labcom.ubi.pt\/wp-content\/uploads\/2022\/11\/arcodavelha-300x169.jpg\" alt=\"Arco da Velha \u2013 T\u00e2nia Dinis\" width=\"300\" height=\"169\" srcset=\"https:\/\/speculum.labcom.ubi.pt\/wp-content\/uploads\/2022\/11\/arcodavelha-300x169.jpg 300w, https:\/\/speculum.labcom.ubi.pt\/wp-content\/uploads\/2022\/11\/arcodavelha-1024x576.jpg 1024w, https:\/\/speculum.labcom.ubi.pt\/wp-content\/uploads\/2022\/11\/arcodavelha-768x432.jpg 768w, https:\/\/speculum.labcom.ubi.pt\/wp-content\/uploads\/2022\/11\/arcodavelha-1536x864.jpg 1536w, https:\/\/speculum.labcom.ubi.pt\/wp-content\/uploads\/2022\/11\/arcodavelha.jpg 1920w\" sizes=\"(max-width: 300px) 100vw, 300px\" \/><figcaption id=\"caption-attachment-82\" class=\"wp-caption-text\">Arco da Velha \u2013 T\u00e2nia Dinis<\/figcaption><\/figure>\n<figure id=\"attachment_81\" aria-describedby=\"caption-attachment-81\" style=\"width: 300px\" class=\"wp-caption alignnone\"><img loading=\"lazy\" decoding=\"async\" class=\"size-medium wp-image-81\" src=\"https:\/\/speculum.labcom.ubi.pt\/wp-content\/uploads\/2022\/11\/aosmeuspais-300x169.jpg\" alt=\"Aos meus pais \u2013 M\u00e9lanie Pereira\" width=\"300\" height=\"169\" srcset=\"https:\/\/speculum.labcom.ubi.pt\/wp-content\/uploads\/2022\/11\/aosmeuspais-300x169.jpg 300w, https:\/\/speculum.labcom.ubi.pt\/wp-content\/uploads\/2022\/11\/aosmeuspais-1024x576.jpg 1024w, https:\/\/speculum.labcom.ubi.pt\/wp-content\/uploads\/2022\/11\/aosmeuspais-768x432.jpg 768w, https:\/\/speculum.labcom.ubi.pt\/wp-content\/uploads\/2022\/11\/aosmeuspais.jpg 1280w\" sizes=\"(max-width: 300px) 100vw, 300px\" \/><figcaption id=\"caption-attachment-81\" class=\"wp-caption-text\">Aos meus pais \u2013 Melanie Pereira<\/figcaption><\/figure>\n<figure id=\"attachment_80\" aria-describedby=\"caption-attachment-80\" style=\"width: 300px\" class=\"wp-caption alignnone\"><img loading=\"lazy\" decoding=\"async\" class=\"size-medium wp-image-80\" src=\"https:\/\/speculum.labcom.ubi.pt\/wp-content\/uploads\/2022\/11\/antesdemimofim2-300x225.webp\" alt=\"Antes de Mim, O Fim \u2013 In\u00eas Lu\u00eds\" width=\"300\" height=\"225\" srcset=\"https:\/\/speculum.labcom.ubi.pt\/wp-content\/uploads\/2022\/11\/antesdemimofim2-300x225.webp 300w, https:\/\/speculum.labcom.ubi.pt\/wp-content\/uploads\/2022\/11\/antesdemimofim2.webp 750w\" sizes=\"(max-width: 300px) 100vw, 300px\" \/><figcaption id=\"caption-attachment-80\" class=\"wp-caption-text\">Antes de Mim, O Fim \u2013 In\u00eas Lu\u00eds<\/figcaption><\/figure>\n<figure id=\"attachment_79\" aria-describedby=\"caption-attachment-79\" style=\"width: 300px\" class=\"wp-caption alignnone\"><img loading=\"lazy\" decoding=\"async\" class=\"size-medium wp-image-79\" src=\"https:\/\/speculum.labcom.ubi.pt\/wp-content\/uploads\/2022\/11\/antesdemimofim-300x225.jpg\" alt=\"Antes de Mim, O Fim \u2013 In\u00eas Lu\u00eds\" width=\"300\" height=\"225\" srcset=\"https:\/\/speculum.labcom.ubi.pt\/wp-content\/uploads\/2022\/11\/antesdemimofim-300x225.jpg 300w, https:\/\/speculum.labcom.ubi.pt\/wp-content\/uploads\/2022\/11\/antesdemimofim-1024x768.jpg 1024w, https:\/\/speculum.labcom.ubi.pt\/wp-content\/uploads\/2022\/11\/antesdemimofim-768x576.jpg 768w, https:\/\/speculum.labcom.ubi.pt\/wp-content\/uploads\/2022\/11\/antesdemimofim.jpg 1440w\" sizes=\"(max-width: 300px) 100vw, 300px\" \/><figcaption id=\"caption-attachment-79\" class=\"wp-caption-text\">Antes de Mim, O Fim \u2013 In\u00eas Lu\u00eds<\/figcaption><\/figure>\n<figure><img loading=\"lazy\" decoding=\"async\" width=\"500\" height=\"360\" src=\"https:\/\/speculum.labcom.ubi.pt\/wp-content\/uploads\/2022\/11\/sobral.jpg\" class=\"attachment-large size-large\" alt=\"Sobral: O Homem que n\u00e3o tinha Pre\u00e7o \u2013 Paula Fiuza\" srcset=\"https:\/\/speculum.labcom.ubi.pt\/wp-content\/uploads\/2022\/11\/sobral.jpg 500w, https:\/\/speculum.labcom.ubi.pt\/wp-content\/uploads\/2022\/11\/sobral-300x216.jpg 300w\" sizes=\"(max-width: 500px) 100vw, 500px\" \/><figcaption>Sobral: O Homem que n\u00e3o tinha Pre\u00e7o \u2013 Paula Fiuza<\/figcaption><\/figure>\n<p>&nbsp;<\/p>","protected":false},"excerpt":{"rendered":"<p>&nbsp;<\/p>","protected":false},"author":1,"featured_media":0,"parent":0,"menu_order":0,"comment_status":"closed","ping_status":"closed","template":"","meta":{"inline_featured_image":false,"footnotes":""},"_links":{"self":[{"href":"https:\/\/speculum.labcom.ubi.pt\/en\/wp-json\/wp\/v2\/pages\/30"}],"collection":[{"href":"https:\/\/speculum.labcom.ubi.pt\/en\/wp-json\/wp\/v2\/pages"}],"about":[{"href":"https:\/\/speculum.labcom.ubi.pt\/en\/wp-json\/wp\/v2\/types\/page"}],"author":[{"embeddable":true,"href":"https:\/\/speculum.labcom.ubi.pt\/en\/wp-json\/wp\/v2\/users\/1"}],"replies":[{"embeddable":true,"href":"https:\/\/speculum.labcom.ubi.pt\/en\/wp-json\/wp\/v2\/comments?post=30"}],"version-history":[{"count":2,"href":"https:\/\/speculum.labcom.ubi.pt\/en\/wp-json\/wp\/v2\/pages\/30\/revisions"}],"predecessor-version":[{"id":1199,"href":"https:\/\/speculum.labcom.ubi.pt\/en\/wp-json\/wp\/v2\/pages\/30\/revisions\/1199"}],"wp:attachment":[{"href":"https:\/\/speculum.labcom.ubi.pt\/en\/wp-json\/wp\/v2\/media?parent=30"}],"curies":[{"name":"wp","href":"https:\/\/api.w.org\/{rel}","templated":true}]}}